{"id":1142,"date":"2022-08-08T20:50:08","date_gmt":"2022-08-08T23:50:08","guid":{"rendered":"https:\/\/www.paranaiba.ms.gov.br\/portal\/?page_id=1142"},"modified":"2024-03-05T08:08:03","modified_gmt":"2024-03-05T11:08:03","slug":"estrutura-organizacional","status":"publish","type":"page","link":"https:\/\/www.paranaiba.ms.gov.br\/portal\/estrutura-organizacional\/","title":{"rendered":"Estrutura Organizacional"},"content":{"rendered":"<p>\u2014\u2014\u2014\u2014\u2014\u2014\u2014\u2014\u2014\u2014\u2014\u2014\u2014\u2014\u2014\u2014\u2014\u2014\u2014\u2014\u2014\u2014\u2014\u2014\u2014\u2014\u2014\u2014\u2014\u2014\u2014\u2014\u2014\u2014\u2014\u2014\u2014\u2014\u2014\u2014\u2014\u2014\u2014\u2014\u2014\u2014\u2014\u2014\u2014\u2014\u2014-<\/p>\n<p>&nbsp;<\/p>\n<p>CHEFE DE GABINETE<\/p>\n<p>JANE PAULA DA SILVA<br \/>\nAV. JUCA PINH\u00c9, 333 \u2013 JARDIM SANTA M\u00d4NICA \u2013 PARANA\u00cdBA \u2013 MS \u2013 79500000<br \/>\n07:00 \u00c1S 13:00 HS<br \/>\n3669-0000\/3669-0023<br \/>\njane_paula_ms@hotmail.com<\/p>\n<p>&nbsp;<\/p>\n<p>\u2014\u2014\u2014\u2014\u2014\u2014\u2014\u2014\u2014\u2014\u2014\u2014\u2014\u2014\u2014\u2014\u2014\u2014\u2014\u2014\u2014\u2014\u2014\u2014\u2014\u2014\u2014\u2014\u2014\u2014\u2014\u2014\u2014\u2014\u2014\u2014\u2014\u2014\u2014\u2014\u2014\u2014\u2014\u2014\u2014\u2014\u2014\u2014\u2014\u2014\u2014-<\/p>\n<p>SECRETARIA MUNICIPAL DE ADMINISTRA\u00c7\u00c3O<\/p>\n<p>Secret\u00e1ria: ADAILDA LOPES DE OLIVEIRA<\/p>\n<p>Endere\u00e7o: AV. JUCA PINH\u00c9 333 \u2013 JARDIM SANTA M\u00d4NICA<br \/>\nHor\u00e1rio de Atendimento: 07:00 AS 13:00<br \/>\nFone: 67 3669-0000\/67 3669-0012<\/p>\n<p>&nbsp;<\/p>\n<p>\u00c0 Secretaria Municipal de Administra\u00e7\u00e3o compete:<\/p>\n<p>I \u2013 a formula\u00e7\u00e3o de pol\u00edticas e a coordena\u00e7\u00e3o de atividades de gest\u00e3o, desenvolvimento e valoriza\u00e7\u00e3o profissional e gerencial dos servidores do Poder Executivo Municipal, aprecia\u00e7\u00e3o e instru\u00e7\u00e3o dos processos de aposentadoria e concess\u00f5es de direitos e de vantagens, apoio \u00e0 avalia\u00e7\u00e3o de desempenho individual e a gest\u00e3o do sistema de carreiras de pessoal do Quadro Permanente do Poder e, ainda, o assessoramento ao Prefeito Municipal nas atividades inerentes \u00e0 administra\u00e7\u00e3o geral do Poder Executivo;<\/p>\n<p>II \u2013 a promo\u00e7\u00e3o e coordena\u00e7\u00e3o de atividades de recrutamento, sele\u00e7\u00e3o e treinamento, bem como controle e lota\u00e7\u00e3o de pessoal e demais atividades de natureza administrativa relacionadas aos recursos humanos;<\/p>\n<p>III \u2013 a formula\u00e7\u00e3o de pol\u00edticas e a promo\u00e7\u00e3o e coordena\u00e7\u00e3o de atividades relacionadas \u00e0 seguran\u00e7a no trabalho, ao bem-estar e aos benef\u00edcios para o pessoal da Prefeitura;<\/p>\n<p>IV \u2013 o suporte t\u00e9cnico em inform\u00e1tica aos \u00f3rg\u00e3os e entidades;<\/p>\n<p>V \u2013 a padroniza\u00e7\u00e3o, aquisi\u00e7\u00e3o, contrata\u00e7\u00e3o, guarda, distribui\u00e7\u00e3o e controle de materiais, bens e servi\u00e7os;<\/p>\n<p>VI \u2013 a gest\u00e3o e execu\u00e7\u00e3o do processamento das licita\u00e7\u00f5es para a aquisi\u00e7\u00e3o de materiais, bens e servi\u00e7os, sob a supervis\u00e3o da Secretaria de Governo;<\/p>\n<p>VII \u2013 o tombamento, registro, conserva\u00e7\u00e3o e controle dos bens p\u00fablicos m\u00f3veis e im\u00f3veis;<\/p>\n<p>VIII \u2013 a promo\u00e7\u00e3o e coordena\u00e7\u00e3o dos servi\u00e7os de limpeza, vigil\u00e2ncia, copa, portaria, telefonia e reprodu\u00e7\u00e3o de pap\u00e9is e documentos nas suas depend\u00eancias;<\/p>\n<p>IX \u2013 administra\u00e7\u00e3o geral e controle da frota de ve\u00edculos da Prefeitura para transporte interno e dos servi\u00e7os afins terceirizados;<\/p>\n<p>X \u2013 a normatiza\u00e7\u00e3o e padroniza\u00e7\u00e3o das atividades e processos administrativos;<\/p>\n<p>XI \u2013 a organiza\u00e7\u00e3o, manuten\u00e7\u00e3o e controle do acervo da legisla\u00e7\u00e3o e demais atos expedidos pelo Prefeito;<\/p>\n<p>XII \u2013 a promo\u00e7\u00e3o e condu\u00e7\u00e3o das atividades relacionadas ao recebimento e apura\u00e7\u00e3o de den\u00fancias e queixas relativas a a\u00e7\u00f5es ou omiss\u00f5es praticadas por servidores da Administra\u00e7\u00e3o Municipal;<\/p>\n<p>XIII \u2013 a articula\u00e7\u00e3o, elabora\u00e7\u00e3o e an\u00e1lise de propostas de atos administrativos, mensagens, decretos e projetos de leis da al\u00e7ada e iniciativa do Prefeito Municipal;<\/p>\n<p>XIV \u2013 o desenvolvimento de outras atividades que lhe forem designadas pelo Prefeito Municipal.<\/p>\n<p>&nbsp;<\/p>\n<p>&nbsp;<\/p>\n<p>\u2014\u2014\u2014\u2014\u2014\u2014\u2014\u2014\u2014\u2014\u2014\u2014\u2014\u2014\u2014\u2014\u2014\u2014\u2014\u2014\u2014\u2014\u2014\u2014\u2014\u2014\u2014\u2014\u2014\u2014\u2014\u2014\u2014\u2014\u2014\u2014\u2014\u2014\u2014\u2014\u2014\u2014\u2014\u2014\u2014\u2014\u2014\u2014\u2014\u2014\u2014-<\/p>\n<p>SECRETARIA MUNICIPAL DE FINAN\u00c7AS E PLANEJAMENTO<\/p>\n<p>Secret\u00e1rio: FERNANDA QUEIROZ ANDRADE MARQUES<\/p>\n<p>Endere\u00e7o: AV. JUCA PINH\u00c9 333 \u2013 JARDIM SANTA M\u00d4NICA<br \/>\nHor\u00e1rio de Atendimento: 07:00 AS 13:00<br \/>\nFone: 67 3669-0000\/67 3669-0055<br \/>\n\u00c0 Secretaria Municipal de Finan\u00e7as e Planejamento compete:<\/p>\n<p>I \u2013 a promo\u00e7\u00e3o, articula\u00e7\u00e3o e execu\u00e7\u00e3o de pesquisas, estudos, an\u00e1lises e diagn\u00f3sticos socioecon\u00f4micos do Munic\u00edpio;<\/p>\n<p>II \u2013 a coordena\u00e7\u00e3o da elabora\u00e7\u00e3o e monitoramento do Plano Estrat\u00e9gico, Plano Plurianual de Investimento e do Programa Anual do Munic\u00edpio;<\/p>\n<p>III \u2013 a proposi\u00e7\u00e3o de diretrizes or\u00e7ament\u00e1rias, a coordena\u00e7\u00e3o da elabora\u00e7\u00e3o do or\u00e7amento anual e a gest\u00e3o e execu\u00e7\u00e3o or\u00e7ament\u00e1ria, em articula\u00e7\u00e3o com as demais secretarias;<\/p>\n<p>IV \u2013 o monitoramento geral de todos os conv\u00eanios celebrados entre o Governo Municipal e entidades nacionais, internacionais e estrangeiras p\u00fablicas ou privadas, especialmente no tocante ao cumprimento de prazos, contrapartidas, presta\u00e7\u00f5es de contas e demais exig\u00eancias necess\u00e1rias \u00e0 garantia da conformidade e manuten\u00e7\u00e3o das condi\u00e7\u00f5es de habilita\u00e7\u00e3o da Prefeitura Municipal;<\/p>\n<p>V \u2013 a promo\u00e7\u00e3o do desenvolvimento institucional e da moderniza\u00e7\u00e3o gerencial, profissional e administrativa do Governo Municipal;<\/p>\n<p>VI \u2013 a promo\u00e7\u00e3o de pesquisas, previs\u00f5es, estudos e diagn\u00f3sticos sobre aspectos financeiros, tribut\u00e1rios e fiscais do Munic\u00edpio, bem como em rela\u00e7\u00e3o \u00e0s contas p\u00fablicas, quanto ao endividamento e investimento e \u00e0 qualidade dos gastos da Prefeitura;<\/p>\n<p>VII \u2013 a formula\u00e7\u00e3o e execu\u00e7\u00e3o de pol\u00edticas financeiras, tribut\u00e1rias e fiscais da Prefeitura, na sua \u00e1rea de compet\u00eancia;<\/p>\n<p>VIII \u2013 a normatiza\u00e7\u00e3o e padroniza\u00e7\u00e3o das atividades cont\u00e1beis e do controle financeiro interno das entidades e \u00f3rg\u00e3os do Governo Municipal;<\/p>\n<p>IX \u2013 a formula\u00e7\u00e3o da programa\u00e7\u00e3o financeira da Prefeitura e o controle de sua execu\u00e7\u00e3o;<\/p>\n<p>X \u2013 a execu\u00e7\u00e3o, fiscaliza\u00e7\u00e3o e controle da evolu\u00e7\u00e3o da arrecada\u00e7\u00e3o dos tributos e receitas municipais;<\/p>\n<p>XI \u2013 a gest\u00e3o e o controle da execu\u00e7\u00e3o or\u00e7ament\u00e1ria das despesas e receitas da Prefeitura, em articula\u00e7\u00e3o com cada pasta;<\/p>\n<p>XII \u2013 a administra\u00e7\u00e3o da d\u00edvida ativa do Munic\u00edpio e execu\u00e7\u00e3o da cobran\u00e7a amig\u00e1vel;<\/p>\n<p>XIII \u2013 o recebimento, pagamento, guarda e movimenta\u00e7\u00e3o de numer\u00e1rio e outros valores;<\/p>\n<p>XIV \u2013 a presta\u00e7\u00e3o de atendimento e informa\u00e7\u00f5es ao contribuinte em quest\u00f5es de natureza financeira e tribut\u00e1ria;<\/p>\n<p>XV \u2013 a realiza\u00e7\u00e3o da escritura\u00e7\u00e3o cont\u00e1bil das despesas, receitas, opera\u00e7\u00f5es de cr\u00e9dito e outros ingressos financeiros, a inscri\u00e7\u00e3o dos d\u00e9bitos tribut\u00e1rios na d\u00edvida ativa e a manuten\u00e7\u00e3o e atualiza\u00e7\u00e3o do Plano de Contas do Munic\u00edpio;<\/p>\n<p>XVI \u2013 a prepara\u00e7\u00e3o de balancetes e do balan\u00e7o geral da Prefeitura e presta\u00e7\u00e3o de contas dos recursos transferidos para o Munic\u00edpio por outras esferas de poder;<\/p>\n<p>XVII \u2013 a manuten\u00e7\u00e3o e aprimoramento tecnol\u00f3gico e operacional permanente dos cadastros mobili\u00e1rio e imobili\u00e1rio;<\/p>\n<p>XVIII \u2013 o desenvolvimento de outras atividades no \u00e2mbito de sua compet\u00eancia.<\/p>\n<p>&nbsp;<\/p>\n<p>&nbsp;<\/p>\n<p>\u2014\u2014\u2014\u2014\u2014\u2014\u2014\u2014\u2014\u2014\u2014\u2014\u2014\u2014\u2014\u2014\u2014\u2014\u2014\u2014\u2014\u2014\u2014\u2014\u2014\u2014\u2014\u2014\u2014\u2014\u2014\u2014\u2014\u2014\u2014\u2014\u2014\u2014\u2014\u2014\u2014\u2014\u2014\u2014\u2014\u2014\u2014\u2014\u2014\u2014\u2013<\/p>\n<p>SECRETARIA MUNICIPAL DE SA\u00daDE<\/p>\n<p>Secret\u00e1ria: FRANCIANI MARIANO FORNI<\/p>\n<p>Endere\u00e7o: RUA: JOS\u00c9 RODRIGUES FERRAZ, 834 \u2013 CENTRO<br \/>\nHor\u00e1rio de Atendimento: 07:00 AS 13:00<br \/>\nFone: 67 3669-0000\/67 3669-0080<br \/>\n\u00c0 Secretaria Municipal de Sa\u00fade compete:<\/p>\n<p>I \u2013 o planejamento, organiza\u00e7\u00e3o, articula\u00e7\u00e3o, coordena\u00e7\u00e3o, integra\u00e7\u00e3o, execu\u00e7\u00e3o e avalia\u00e7\u00e3o das pol\u00edticas municipais de sa\u00fade;<\/p>\n<p>II \u2013 o exerc\u00edcio das atribui\u00e7\u00f5es previstas no Sistema \u00danico de Sa\u00fade;<\/p>\n<p>III \u2013 a coordena\u00e7\u00e3o e a integra\u00e7\u00e3o das a\u00e7\u00f5es e servi\u00e7os de sa\u00fade individuais e coletivos;<\/p>\n<p>IV \u2013 a realiza\u00e7\u00e3o da vigil\u00e2ncia sanit\u00e1ria, epidemiol\u00f3gica, toxicol\u00f3gica e farmacol\u00f3gica;<\/p>\n<p>V \u2013 a promo\u00e7\u00e3o, desenvolvimento e execu\u00e7\u00e3o de programas de medicina preventiva;<\/p>\n<p>VI \u2013 a permanente intera\u00e7\u00e3o com a Uni\u00e3o, com o Estado e com os munic\u00edpios vizinhos, visando o desenvolvimento de pol\u00edticas regionais voltadas \u00e0 promo\u00e7\u00e3o da sa\u00fade da popula\u00e7\u00e3o local e regional, com a participa\u00e7\u00e3o e execu\u00e7\u00e3o dos programas dos governos Federal e Estadual na \u00e1rea da sa\u00fade p\u00fablica;<\/p>\n<p>VII \u2013 a promo\u00e7\u00e3o dos servi\u00e7os p\u00fablicos de sa\u00fade voltados ao atendimento das necessidades da comunidade;<\/p>\n<p>VIII \u2013 a regulamenta\u00e7\u00e3o, o controle e a fiscaliza\u00e7\u00e3o dos alimentos, da fonte de produ\u00e7\u00e3o at\u00e9 ao consumidor, em complementa\u00e7\u00e3o \u00e0 atividade federal e estadual;<\/p>\n<p>IX \u2013 a promo\u00e7\u00e3o sistem\u00e1tica e peri\u00f3dica, dos estudos e pesquisas relativas \u00e0 sa\u00fade p\u00fablica;<\/p>\n<p>X \u2013 a administra\u00e7\u00e3o dos fundos e recursos espec\u00edficos de sua Secretaria;<\/p>\n<p>XI \u2013 o suporte para o funcionamento de Conselho cuja \u00e1rea de atua\u00e7\u00e3o est\u00e1 afeta \u00e0 Secretaria;<\/p>\n<p>XII \u2013 a manuten\u00e7\u00e3o e controle do almoxarifado e a conserva\u00e7\u00e3o da frota destinada \u00e0 pasta;<\/p>\n<p>XIII \u2013 o desenvolvimento de outras atividades no \u00e2mbito de sua compet\u00eancia.<\/p>\n<p>&nbsp;<\/p>\n<p>&nbsp;<\/p>\n<p>\u2014\u2014\u2014\u2014\u2014\u2014\u2014\u2014\u2014\u2014\u2014\u2014\u2014\u2014\u2014\u2014\u2014\u2014\u2014\u2014\u2014\u2014\u2014\u2014\u2014\u2014\u2014\u2014\u2014\u2014\u2014\u2014\u2014\u2014\u2014\u2014\u2014\u2014\u2014\u2014\u2014\u2014\u2014\u2014\u2014\u2014\u2014\u2014\u2014\u2014\u2014-<\/p>\n<p>SECRETARIA MUNICIPAL DE ASSIST\u00caNCIA SOCIAL<\/p>\n<p>Secret\u00e1ria: CELINA PEREIRA DOS SANTOS<\/p>\n<p>Endere\u00e7o: AV.: CORONEL GUSTAVO RODRIGUES DA SILVA, 1875 \u2013 SANTO ANT\u00d4NIO<br \/>\nHor\u00e1rio de Atendimento: 07:00 AS 13:00<br \/>\nFone: 67 3669-0000\/67 3669-0030<br \/>\n\u00c0 Secretaria Municipal de Assist\u00eancia Social compete:<\/p>\n<p>I \u2013 a formula\u00e7\u00e3o, coordena\u00e7\u00e3o e execu\u00e7\u00e3o de pol\u00edticas e planos municipais de desenvolvimento comunit\u00e1rio, de promo\u00e7\u00e3o social e cidadania, e de acesso de todos os cidad\u00e3os a bens, servi\u00e7os e direitos;<\/p>\n<p>II \u2013 a promo\u00e7\u00e3o, coordena\u00e7\u00e3o e execu\u00e7\u00e3o de estudos, pesquisas e diagn\u00f3sticos sobre a situa\u00e7\u00e3o e o perfil socioecon\u00f4mico da popula\u00e7\u00e3o, bem como sobre as condi\u00e7\u00f5es atuais do exerc\u00edcio da cidadania no Munic\u00edpio;<\/p>\n<p>III \u2013 a promo\u00e7\u00e3o, coordena\u00e7\u00e3o e execu\u00e7\u00e3o de a\u00e7\u00f5es e medidas voltadas para o atendimento \u00e0 crian\u00e7a e ao adolescente e a aten\u00e7\u00e3o \u00e0s fam\u00edlias e grupos sociais em situa\u00e7\u00e3o de risco;<\/p>\n<p>IV \u2013 a promo\u00e7\u00e3o, coordena\u00e7\u00e3o e execu\u00e7\u00e3o de programas locais de educa\u00e7\u00e3o, orienta\u00e7\u00e3o, prote\u00e7\u00e3o e defesa do consumidor e de intermedia\u00e7\u00e3o de conflitos de interesse nas rela\u00e7\u00f5es de consumo;<\/p>\n<p>V \u2013 a orienta\u00e7\u00e3o e presta\u00e7\u00e3o de assist\u00eancia jur\u00eddica \u00e0 popula\u00e7\u00e3o carente, proporcionando-lhe acesso \u00e0 justi\u00e7a e garantindo a defesa de seus direitos;<\/p>\n<p>VI \u2013 a promo\u00e7\u00e3o e coordena\u00e7\u00e3o de a\u00e7\u00f5es e medidas voltadas para a defesa dos direitos humanos, o acesso igualit\u00e1rio \u00e0s pol\u00edticas sociais, a valoriza\u00e7\u00e3o do indiv\u00edduo e o fortalecimento da cidadania;<\/p>\n<p>VII \u2013 a implementa\u00e7\u00e3o, o apoio e o gerenciamento de centros comunit\u00e1rios, n\u00facleos de orienta\u00e7\u00e3o, abrigos e demais instala\u00e7\u00f5es e equipamentos com finalidades similares;<\/p>\n<p>VIII \u2013 o apoio e o est\u00edmulo \u00e0s organiza\u00e7\u00f5es comunit\u00e1rias;<\/p>\n<p>IX \u2013 a formula\u00e7\u00e3o, administra\u00e7\u00e3o e controle de conv\u00eanios, acordos e contratos com a Uni\u00e3o, o Estado e outras entidades nacionais e internacionais para o desenvolvimento de projetos de a\u00e7\u00f5es sociais e de cidadania, na \u00e1rea de compet\u00eancia do Munic\u00edpio;<\/p>\n<p>X \u2013 o suporte para o funcionamento de Conselho cuja \u00e1rea de atua\u00e7\u00e3o esta afeta \u00e0 Secretaria;<\/p>\n<p>XI \u2013 a manuten\u00e7\u00e3o e controle do almoxarifado e a conserva\u00e7\u00e3o da frota destinada \u00e0 pasta;<\/p>\n<p>XII \u2013 a administra\u00e7\u00e3o dos fundos e recursos espec\u00edficos de sua Secretaria;<\/p>\n<p>XIII \u2013 a manuten\u00e7\u00e3o e conserva\u00e7\u00e3o da Casa de Vel\u00f3rios Municipal;<\/p>\n<p>XIV \u2013 o desenvolvimento de outras atividades no \u00e2mbito de sua compet\u00eancia.<\/p>\n<p>&nbsp;<\/p>\n<p>&nbsp;<\/p>\n<p>\u2014\u2014\u2014\u2014\u2014\u2014\u2014\u2014\u2014\u2014\u2014\u2014\u2014\u2014\u2014\u2014\u2014\u2014\u2014\u2014\u2014\u2014\u2014\u2014\u2014\u2014\u2014\u2014\u2014\u2014\u2014\u2014\u2014\u2014\u2014\u2014\u2014\u2014\u2014\u2014\u2014\u2014\u2014\u2014\u2014\u2014\u2014\u2014\u2014\u2014\u2014\u2013<\/p>\n<p>SECRETARIA MUNICIPAL DE EDUCA\u00c7\u00c3O<\/p>\n<p>Secret\u00e1ria: TANANDRA APARECIDA SOUZA PAULA LEAL<\/p>\n<p>Endere\u00e7o: AV. JUCA PINH\u00c9 333 \u2013 JARDIM SANTA M\u00d4NICA<br \/>\nHor\u00e1rio de Atendimento: 07:00 AS 13:00<br \/>\nFone: 67 3669-0000\/67 3669-0043<br \/>\n\u00c0 Secretaria Municipal de Educa\u00e7\u00e3o compete:<\/p>\n<p>I \u2013 o planejamento, organiza\u00e7\u00e3o, articula\u00e7\u00e3o, coordena\u00e7\u00e3o, integra\u00e7\u00e3o, execu\u00e7\u00e3o e avalia\u00e7\u00e3o das pol\u00edticas municipais relativas \u00e0 educa\u00e7\u00e3o, no \u00e2mbito de compet\u00eancia do Munic\u00edpio;<\/p>\n<p>II \u2013 a organiza\u00e7\u00e3o, manuten\u00e7\u00e3o e desenvolvimento das institui\u00e7\u00f5es do sistema municipal de ensino, integrando-se \u00e0s pol\u00edticas e planos educacionais da Uni\u00e3o e do Estado;<\/p>\n<p>III \u2013 a supervis\u00e3o dos estabelecimentos do Sistema Municipal de Ensino;<\/p>\n<p>IV \u2013 a oferta e a promo\u00e7\u00e3o da educa\u00e7\u00e3o infantil e ensino fundamental;<\/p>\n<p>V \u2013 a implementa\u00e7\u00e3o de pol\u00edticas de erradica\u00e7\u00e3o do analfabetismo, oportunizando ensino fundamental para jovens e adultos insuficientemente escolarizados;<\/p>\n<p>VI \u2013 a promo\u00e7\u00e3o de programas suplementares, de material did\u00e1tico escolar e de transporte;<\/p>\n<p>VII \u2013 a promo\u00e7\u00e3o de levantamentos e censo escolar, estudos e pesquisas, visando ao aprimoramento da qualidade e \u00e0 expans\u00e3o do ensino;<\/p>\n<p>VIII \u2013 a proposi\u00e7\u00e3o, an\u00e1lise e execu\u00e7\u00e3o de programas e projetos na \u00e1rea educacional;<\/p>\n<p>IX \u2013 a oferta e a promo\u00e7\u00e3o de Educa\u00e7\u00e3o Especial aos alunos com necessidades especiais;<\/p>\n<p>X \u2013 a administra\u00e7\u00e3o dos fundos e dos recursos espec\u00edficos de sua Secretaria;<\/p>\n<p>XI \u2013 a manuten\u00e7\u00e3o regular e adequada da guarda dos registros da documenta\u00e7\u00e3o escolar geral e individual dos alunos e professores;<\/p>\n<p>XII \u2013 a gest\u00e3o das atividades relativas \u00e0 merenda escolar;<\/p>\n<p>XIII \u2013 a permanente intera\u00e7\u00e3o com os munic\u00edpios da regi\u00e3o, visando \u00e0 promo\u00e7\u00e3o de pol\u00edticas de desenvolvimento regional na \u00e1rea da educa\u00e7\u00e3o;<\/p>\n<p>&nbsp;<\/p>\n<p>&nbsp;<\/p>\n<p>\u2014\u2014\u2014\u2014\u2014\u2014\u2014\u2014\u2014\u2014\u2014\u2014\u2014\u2014\u2014\u2014\u2014\u2014\u2014\u2014\u2014\u2014\u2014\u2014\u2014\u2014\u2014\u2014\u2014\u2014\u2014\u2014\u2014\u2014\u2014\u2014\u2014\u2014\u2014\u2014\u2014\u2014\u2014\u2014\u2014\u2014\u2014\u2014\u2014\u2014\u2014<\/p>\n<p>SECRETARIA MUNICIPAL DE CULTURA<\/p>\n<p>Secret\u00e1rio: D\u00c9BORA QUEIROZ DE OLIVEIRA<\/p>\n<p>Endere\u00e7o: AV. JUCA PINH\u00c9 333 \u2013 JARDIM SANTA<br \/>\nHor\u00e1rio de Atendimento: 07:00 AS 13:00<br \/>\nFone: 67 3669-0000\/67 3669-0043<br \/>\n\u00c0 Secretaria Municipal de Cultura compete:<\/p>\n<p>I \u2013 Planejar, coordenar e supervisionar atividades e iniciativas que propiciem a oportunidade de acesso da popula\u00e7\u00e3o aos benef\u00edcios da educa\u00e7\u00e3o art\u00edstica e cultural;<\/p>\n<p>II \u2013 Manter e administrar museus e outras institui\u00e7\u00f5es culturais de propriedade do Munic\u00edpio;<\/p>\n<p>III \u2013 Criar, organizar e manter rede de bibliotecas gerais e especializadas, zelando pela atualiza\u00e7\u00e3o e amplia\u00e7\u00e3o do acervo bibliogr\u00e1fico, de acordo com o desenvolvimento da ci\u00eancia, da t\u00e9cnica, da arte e da cultura em geral;<\/p>\n<p>IV \u2013 Organizar e manter documenta\u00e7\u00e3o relacionada com a hist\u00f3ria da cidade de Parana\u00edba;<\/p>\n<p>V \u2013 Promover, organizar, patrocinar e executar programas visando \u00e0 difus\u00e3o e ao aperfei\u00e7oamento da arte em geral e, especialmente, da m\u00fasica, do canto, da dan\u00e7a e da arte dram\u00e1tica;<\/p>\n<p>VI \u2013 Planejar e executar medidas necess\u00e1rias ao levantamento, ao tombamento e \u00e0 defesa do patrim\u00f4nio art\u00edstico e cultural do Munic\u00edpio;<\/p>\n<p>VII \u2013 Incentivar e prestar assist\u00eancia art\u00edstica, t\u00e9cnica e financeira a iniciativas particulares ou de car\u00e1ter comunit\u00e1rio, que possam contribuir para a eleva\u00e7\u00e3o do n\u00edvel educacional, art\u00edstico e cultural da popula\u00e7\u00e3o;<\/p>\n<p>VIII \u2013 a administra\u00e7\u00e3o dos fundos e dos recursos espec\u00edficos de sua Secretaria;<\/p>\n<p>IX \u2013 Desenvolver, mediante programa\u00e7\u00e3o pr\u00f3pria ou conv\u00eanios com entidades p\u00fablicas ou particulares, atividades relacionadas com os v\u00e1rios setores de sua \u00e1rea de atua\u00e7\u00e3o, tais como: carnaval de rua, feira das artes, teatros, festival de m\u00fasica, festival de dan\u00e7a, pedalando Parana\u00edba, atra\u00e7\u00f5es culturais na \u00e9poca natalina, r\u00e9veillon na pra\u00e7a, exposi\u00e7\u00f5es, entre outros.<\/p>\n<p>&nbsp;<\/p>\n<p>&nbsp;<\/p>\n<p>\u2014\u2014\u2014\u2014\u2014\u2014\u2014\u2014\u2014\u2014\u2014\u2014\u2014\u2014\u2014\u2014\u2014\u2014\u2014\u2014\u2014\u2014\u2014\u2014\u2014\u2014\u2014\u2014\u2014\u2014\u2014\u2014\u2014\u2014\u2014\u2014\u2014\u2014\u2014\u2014\u2014\u2014\u2014\u2014\u2014\u2014\u2014\u2014\u2014\u2014\u2014-<\/p>\n<p>SECRETARIA MUNICIPAL DE ESPORTE, JUVENTUDE E LAZER<\/p>\n<p>Secret\u00e1rio: LORIANO BORGES CARDOSO<\/p>\n<p>Endere\u00e7o: AV.: MAJOR FRANCISCO FAUSTINO DIAS, S\/N \u2013 CENTRO DE EVENTOS DELC\u00cdDIO DO AMARAL<br \/>\nHor\u00e1rio de Atendimento: 07:00 AS 13:00<br \/>\nFone: 67 3669-0000\/67 3669-0077<br \/>\n\u00c0 Secretaria Municipal de Esporte, Juventude e Lazer compete:<\/p>\n<p>I \u2013 a formula\u00e7\u00e3o de pol\u00edticas, planos e programas de esportes e recrea\u00e7\u00e3o, em articula\u00e7\u00e3o com os demais \u00f3rg\u00e3os municipais competentes e em conson\u00e2ncia com os princ\u00edpios de integra\u00e7\u00e3o social e promo\u00e7\u00e3o da cidadania;<\/p>\n<p>II \u2013 a promo\u00e7\u00e3o e coordena\u00e7\u00e3o de estudos e an\u00e1lises, visando \u00e0 atra\u00e7\u00e3o de investimentos e a dinamiza\u00e7\u00e3o de atividades esportivas e recreativas no Munic\u00edpio;<\/p>\n<p>III \u2013 a coordena\u00e7\u00e3o e o monitoramento de conv\u00eanios e parcerias com associa\u00e7\u00f5es e entidades afins, p\u00fablicas e privadas, para a implanta\u00e7\u00e3o de programas e realiza\u00e7\u00e3o de atividades esportivas e de lazer;<\/p>\n<p>IV \u2013 a organiza\u00e7\u00e3o e divulga\u00e7\u00e3o do calend\u00e1rio de eventos esportivos e de recrea\u00e7\u00e3o do Munic\u00edpio, promovendo, apoiando e monitorando sua efetiva realiza\u00e7\u00e3o;<\/p>\n<p>V \u2013 a execu\u00e7\u00e3o e apoio a projetos, a\u00e7\u00f5es e eventos orientados para o desenvolvimento das pr\u00e1ticas esportivas e o entretenimento;<\/p>\n<p>VI \u2013 a promo\u00e7\u00e3o e realiza\u00e7\u00e3o de a\u00e7\u00f5es educativas e campanhas de esclarecimento visando, \u00e0 conscientiza\u00e7\u00e3o da popula\u00e7\u00e3o para a import\u00e2ncia e os benef\u00edcios da pr\u00e1tica de esporte e das atividades de lazer;<\/p>\n<p>VII \u2013 a administra\u00e7\u00e3o de est\u00e1dios e centros esportivos municipais e do uso de pra\u00e7as e demais espa\u00e7os p\u00fablicos para a pr\u00e1tica do esporte e recrea\u00e7\u00e3o;<\/p>\n<p>&nbsp;<\/p>\n<p>\u2014\u2014\u2014\u2014\u2014\u2014\u2014\u2014\u2014\u2014\u2014\u2014\u2014\u2014\u2014\u2014\u2014\u2014\u2014\u2014\u2014\u2014\u2014\u2014\u2014\u2014\u2014\u2014\u2014\u2014\u2014\u2014\u2014\u2014\u2014\u2014\u2014\u2014\u2014\u2014\u2014\u2014\u2014\u2014\u2014\u2014\u2014\u2014\u2014\u2014\u2014<\/p>\n<p>SECRETARIA MUNICIPAL DE OBRAS, URBANISMO E HABITA\u00c7\u00c3O<\/p>\n<p>Secret\u00e1ria: LONGUINHO ALVES DE OLIVEIRA<\/p>\n<p>Endere\u00e7o: AV. JUCA PINH\u00c9 333 \u2013 JARDIM SANTA M\u00d4NICA<br \/>\nHor\u00e1rio de Atendimento: 07:00 AS 13:00<br \/>\nFone: 67 3669-0000\/67 3669-0071<br \/>\n\u00c0 Secretaria Municipal de Obras, Urbanismo e Habita\u00e7\u00e3o compete:<\/p>\n<p>I \u2013 o planejamento, organiza\u00e7\u00e3o, articula\u00e7\u00e3o, coordena\u00e7\u00e3o, execu\u00e7\u00e3o e a avalia\u00e7\u00e3o das pol\u00edticas municipais relativas \u00e0s obras p\u00fablicas do sistema de infraestrutura;<\/p>\n<p>II \u2013 a constru\u00e7\u00e3o, amplia\u00e7\u00e3o, melhoramento e conserva\u00e7\u00e3o de obras vi\u00e1rias do Munic\u00edpio;<\/p>\n<p>III \u2013 a manuten\u00e7\u00e3o das redes de esgotos pluviais, galerias, bueiros e pontes;<\/p>\n<p>IV \u2013 o controle, fiscaliza\u00e7\u00e3o e notifica\u00e7\u00e3o, manuten\u00e7\u00e3o e conserva\u00e7\u00e3o referentes aos ve\u00edculos, m\u00e1quinas e equipamentos rodovi\u00e1rios integrantes da frota do Munic\u00edpio;<\/p>\n<p>V \u2013 os servi\u00e7os relativos \u00e0 ilumina\u00e7\u00e3o p\u00fablica;<\/p>\n<p>VI \u2013 a coordena\u00e7\u00e3o, juntamente com o vice-prefeito, na administra\u00e7\u00e3o dos Distritos do Tamandar\u00e9, Raimundo, Alto Santana e da Est\u00e2ncia Tur\u00edstica S\u00e3o Jo\u00e3o do Apor\u00e9;<\/p>\n<p>VII \u2013 a administra\u00e7\u00e3o dos fundos e dos recursos espec\u00edficos de sua Secretaria;<\/p>\n<p>VIII \u2013 o suporte para o funcionamento de Conselho cuja \u00e1rea de atua\u00e7\u00e3o est\u00e1 afeta \u00e0 Secretaria;<\/p>\n<p>IX \u2013 o planejamento, organiza\u00e7\u00e3o, articula\u00e7\u00e3o, coordena\u00e7\u00e3o, integra\u00e7\u00e3o, execu\u00e7\u00e3o e avalia\u00e7\u00e3o das pol\u00edticas municipais relativas ao uso do solo urbano, bem como das edifica\u00e7\u00f5es;<\/p>\n<p>X \u2013 a aplica\u00e7\u00e3o dos c\u00f3digos e normas referentes \u00e0s edifica\u00e7\u00f5es em geral, a est\u00e9tica urbana, ao zoneamento, aos loteamentos e seus desmembramentos;<\/p>\n<p>XI \u2013 o licenciamento e fiscaliza\u00e7\u00e3o dos projetos de urbaniza\u00e7\u00e3o de acordo com a legisla\u00e7\u00e3o vigente no Munic\u00edpio;<\/p>\n<p>XII \u2013 o controle e a fiscaliza\u00e7\u00e3o do uso dos pr\u00f3prios municipais concedidos, permitidos ou autorizados, de forma onerosa ou n\u00e3o, especialmente em rela\u00e7\u00e3o ao cumprimento das finalidades origin\u00e1rias do ato;<\/p>\n<p>XIII \u2013 o licenciamento e a fiscaliza\u00e7\u00e3o de alvar\u00e1s e de projetos de constru\u00e7\u00f5es particulares e p\u00fablicas, de acordo com a legisla\u00e7\u00e3o em vigor;<\/p>\n<p>XIV \u2013 o registro e o controle dos bens im\u00f3veis, que constituem o patrim\u00f4nio do Munic\u00edpio;<\/p>\n<p>XV \u2013 o controle e a fiscaliza\u00e7\u00e3o do cumprimento das disposi\u00e7\u00f5es do C\u00f3digo de Posturas do Munic\u00edpio, bem como, a aplica\u00e7\u00e3o das penalidades nele previstas;<\/p>\n<p>XVI \u2013 a coordena\u00e7\u00e3o dos servi\u00e7os de fiscaliza\u00e7\u00e3o da administra\u00e7\u00e3o direta;<\/p>\n<p>XVII \u2013 a coordena\u00e7\u00e3o dos servi\u00e7os de topografia da administra\u00e7\u00e3o direta;<\/p>\n<p>XVIII \u2013 a implementa\u00e7\u00e3o e o controle do cadastro t\u00e9cnico municipal;<\/p>\n<p>XIX \u2013 o diagn\u00f3stico, a formula\u00e7\u00e3o e a operacionaliza\u00e7\u00e3o da pol\u00edtica habitacional no \u00e2mbito do Munic\u00edpio, voltada para melhoria da qualidade de vida e o bem-estar social da popula\u00e7\u00e3o em geral, especialmente de baixa renda;<\/p>\n<p>XX \u2013 o desenvolvimento de a\u00e7\u00f5es que viabilizem a erradica\u00e7\u00e3o de n\u00facleos de sub-habita\u00e7\u00e3o por meio de projetos de melhorias habitacionais, implanta\u00e7\u00e3o de infraestrutura b\u00e1sica nestes locais, remo\u00e7\u00e3o e reassentamento de popula\u00e7\u00e3o residente em \u00e1reas de risco, implanta\u00e7\u00e3o de loteamentos populares com unidades habitacionais ou n\u00e3o, desmembramentos que busquem alcan\u00e7ar o interesse da popula\u00e7\u00e3o;<\/p>\n<p>XXI \u2013 a proposi\u00e7\u00e3o dos conv\u00eanios com os Governos do Estado e Federal em todos e quaisquer programas existentes de regulariza\u00e7\u00e3o fundi\u00e1ria, urbaniza\u00e7\u00e3o de favelas e melhoria das unidades habitacionais;<\/p>\n<p>XXII \u2013 a administra\u00e7\u00e3o geral do cemit\u00e9rio local;<\/p>\n<p>XXIII \u2013 a administra\u00e7\u00e3o do aeroporto e da rodovi\u00e1ria local, promovendo a\u00e7\u00f5es que viabilize a revitaliza\u00e7\u00e3o e manuten\u00e7\u00e3o dos mesmos;<\/p>\n<p>XXIV \u2013 o desenvolvimento de outras atividades no \u00e2mbito de sua compet\u00eancia.<\/p>\n<p>&nbsp;<\/p>\n<p>&nbsp;<\/p>\n<p>\u2014\u2014\u2014\u2014\u2014\u2014\u2014\u2014\u2014\u2014\u2014\u2014\u2014\u2014\u2014\u2014\u2014\u2014\u2014\u2014\u2014\u2014\u2014\u2014\u2014\u2014\u2014\u2014\u2014\u2014\u2014\u2014\u2014\u2014\u2014\u2014\u2014\u2014\u2014\u2014\u2014\u2014\u2014\u2014\u2014\u2014\u2014\u2014\u2014\u2014\u2014<\/p>\n<p>SECRETARIA MUNICIPAL DE MEIO AMBIENTE<\/p>\n<p>Secret\u00e1rio: JOS\u00c9 CARLOS MACEDO GRANDE<\/p>\n<p>Endere\u00e7o: Av. Ant\u00f4nio Garcia de Freitas, 540, Jardim Santo Ant\u00f4nio<br \/>\nHor\u00e1rio de Atendimento: 07:00 AS 13:00<\/p>\n<p>&nbsp;<\/p>\n<p>&nbsp;<\/p>\n<p>\u00c0 Secretaria Municipal de Meio Ambiente compete:<\/p>\n<p>I \u2013 a formula\u00e7\u00e3o, coordena\u00e7\u00e3o e execu\u00e7\u00e3o de pol\u00edticas, planos e diretrizes voltados para a defesa e preserva\u00e7\u00e3o do meio ambiente;<\/p>\n<p>II \u2013 a promo\u00e7\u00e3o, coordena\u00e7\u00e3o e realiza\u00e7\u00e3o de pesquisas, estudos e diagn\u00f3sticos, visando a subsidiar as pol\u00edticas e planos municipais de meio ambiente e a fortalecer a atua\u00e7\u00e3o da Secretaria na sua \u00e1rea de compet\u00eancia;<\/p>\n<p>III \u2013 a formula\u00e7\u00e3o de diretrizes, normas, padr\u00f5es e c\u00f3digos ambientais, fiscalizando seu adequado cumprimento, em articula\u00e7\u00e3o com os \u00f3rg\u00e3os competentes da Prefeitura e os correspondentes sistemas estadual e federal;<\/p>\n<p>IV \u2013 a fiscaliza\u00e7\u00e3o, controle e auditoria a empreendimentos e atividades potenciais causadoras de polui\u00e7\u00e3o sonora, atmosf\u00e9rica e de solo, exercendo, quando necess\u00e1rio, o poder de pol\u00edcia, atrav\u00e9s de multas, embargos, apreens\u00f5es, interdi\u00e7\u00f5es, demoli\u00e7\u00f5es e demais san\u00e7\u00f5es previstas na legisla\u00e7\u00e3o pertinente;<\/p>\n<p>V \u2013 a emiss\u00e3o de licen\u00e7as ambientais a empreendimentos e atividades potencialmente poluidoras e consumidoras de recursos naturais, com base nos estudos e an\u00e1lises de impacto ambiental;<\/p>\n<p>VI \u2013 a promo\u00e7\u00e3o e determina\u00e7\u00e3o de recupera\u00e7\u00e3o ambiental e reflorestamento de \u00e1reas desmatadas e devastadas;<\/p>\n<p>VII \u2013 a cria\u00e7\u00e3o e administra\u00e7\u00e3o de \u00e1reas de conserva\u00e7\u00e3o ambiental e gest\u00e3o de recursos h\u00eddricos e ecossistemas;<\/p>\n<p>VIII \u2013 a promo\u00e7\u00e3o de a\u00e7\u00f5es e eventos voltados para a educa\u00e7\u00e3o e conscientiza\u00e7\u00e3o na defesa e preserva\u00e7\u00e3o do meio ambiente;<\/p>\n<p>IX \u2013 a articula\u00e7\u00e3o com as demais Secretarias Municipais e as institui\u00e7\u00f5es competentes da Uni\u00e3o, do Estado e dos munic\u00edpios vizinhos, visando ao reflorestamento, preserva\u00e7\u00e3o dos recursos naturais e solu\u00e7\u00e3o dos demais problemas comuns relativos ao meio ambiente;<\/p>\n<p>X \u2013 a formula\u00e7\u00e3o, administra\u00e7\u00e3o e controle de conv\u00eanios, acordos e contratos com a Uni\u00e3o, o Estado e outras entidades nacionais e internacionais para o desenvolvimento de projetos ambientais, na \u00e1rea de compet\u00eancia do Munic\u00edpio;<\/p>\n<p>XI \u2013 a administra\u00e7\u00e3o dos fundos e recursos espec\u00edficos de sua Secretaria;<\/p>\n<p>XII \u2013 a administra\u00e7\u00e3o dos aterros sanit\u00e1rios e\/ou lix\u00f5es;<\/p>\n<p>XIII \u2013 o desenvolvimento de outras atividades no \u00e2mbito de sua compet\u00eancia.<\/p>\n<p>&nbsp;<\/p>\n<p>&nbsp;<\/p>\n<p>\u2014\u2014\u2014\u2014\u2014\u2014\u2014\u2014\u2014\u2014\u2014\u2014\u2014\u2014\u2014\u2014\u2014\u2014\u2014\u2014\u2014\u2014\u2014\u2014\u2014\u2014\u2014\u2014\u2014\u2014\u2014\u2014\u2014\u2014\u2014\u2014\u2014\u2014\u2014\u2014\u2014\u2014\u2014\u2014\u2014\u2014\u2014\u2014\u2014\u2014\u2014-<\/p>\n<p>SECRETARIA MUNICIPAL DE IND\u00daSTRIA E COM\u00c9RCIO<\/p>\n<p>Secret\u00e1rio: EDIVANDO QUIRINO DOS SANTOS<\/p>\n<p>Endere\u00e7o: AV. JUCA PINH\u00c9 333 \u2013 JARDIM SANTA M\u00d4NICA<br \/>\nHor\u00e1rio de Atendimento: 07:00 AS 13:00<br \/>\nFone: 67 3669-0000\/67 3669-0061<br \/>\n\u00c0 Secretaria Municipal de Ind\u00fastria e Com\u00e9rcio compete:<\/p>\n<p>I \u2013 o estabelecimento da pol\u00edtica de desenvolvimento da ind\u00fastria e do com\u00e9rcio, visando \u00e0 orienta\u00e7\u00e3o de car\u00e1ter indicativo, mediante a formula\u00e7\u00e3o de proposi\u00e7\u00f5es de diretrizes e a utiliza\u00e7\u00e3o de instrumentos que identifiquem uma pol\u00edtica econ\u00f4mica e de incentivos fiscais;<\/p>\n<p>II \u2013 a implanta\u00e7\u00e3o de pol\u00edticas de apoio, fomento e desenvolvimento dos diversos setores da ind\u00fastria e do com\u00e9rcio, respons\u00e1veis pela sustentabilidade e desenvolvimento do Munic\u00edpio;<\/p>\n<p>III \u2013 o incentivo ao desenvolvimento industrial e a amplia\u00e7\u00e3o dos parques como forma de gera\u00e7\u00e3o de emprego e renda;<\/p>\n<p>IV \u2013 o acompanhamento do Programa de Desenvolvimento Econ\u00f4mico de Parana\u00edba\/MS \u2013 PRODEPAR;<\/p>\n<p>V \u2013 a iniciativa dos processos administrativos visando a Revers\u00e3o e\/ou Retrocess\u00e3o de doa\u00e7\u00f5es de im\u00f3veis e incentivos concedidos a empresas que n\u00e3o preencheram, no prazo legal, os requisitos Programa de Desenvolvimento Econ\u00f4mico de Parana\u00edba\/MS \u2013 PRODEPAR;<\/p>\n<p>VI \u2013 o desenvolvimento de outras atividades no \u00e2mbito de sua compet\u00eancia.<\/p>\n<p>&nbsp;<\/p>\n<p>&nbsp;<\/p>\n<p>\u2014\u2014\u2014\u2014\u2014\u2014\u2014\u2014\u2014\u2014\u2014\u2014\u2014\u2014\u2014\u2014\u2014\u2014\u2014\u2014\u2014\u2014\u2014\u2014\u2014\u2014\u2014\u2014\u2014\u2014\u2014\u2014\u2014\u2014\u2014\u2014\u2014\u2014\u2014\u2014\u2014\u2014\u2014\u2014\u2014\u2014\u2014\u2014\u2014\u2014\u2014-<\/p>\n<p>SECRETARIA MUNICIPAL DE AGRICULTURA E PECU\u00c1RIA<\/p>\n<p>Secret\u00e1rio: JOS\u00c9 SOUTO SILVA (Z\u00c9 CARIOCA)<\/p>\n<p>Endere\u00e7o: AV.: CORONEL AUGUSTO CORR\u00caIA DA COSTA J\u00daNIOR, 755 \u2013 CENTRO<br \/>\nHor\u00e1rio de Atendimento: 07:00 AS 13:00<br \/>\nFone: 67 3669-0000\/67 3669-0060<br \/>\nE-mail: semap.pba@gmail.com<\/p>\n<p>&nbsp;<\/p>\n<p>\u00c0 Secretaria Municipal de Agricultura e Pecu\u00e1ria compete:<\/p>\n<p>I \u2013 a formula\u00e7\u00e3o e execu\u00e7\u00e3o de pol\u00edtica de agroneg\u00f3cio, visando o desenvolvimento da agricultura e pecu\u00e1ria;<\/p>\n<p>II \u2013 o controle de qualidade dos produtos de origem animal e vegetal, monitorando e inspecionando a qualidade dos mesmos, o local e a higiene da industrializa\u00e7\u00e3o;<\/p>\n<p>III \u2013 a promo\u00e7\u00e3o de estudos e pesquisas econ\u00f4micas e institucionais, ligadas \u00e0s potencialidades do Munic\u00edpio, na agricultura e pecu\u00e1ria, com vistas a identificar oportunidades para instala\u00e7\u00e3o de empreendimentos voltados ao desenvolvimento sustent\u00e1vel do munic\u00edpio e \u00e0 gera\u00e7\u00e3o de emprego nesses setores;<\/p>\n<p>IV \u2013 a fiscaliza\u00e7\u00e3o, em apoio ao vice-prefeito, das ag\u00eancias dos correios comunit\u00e1rias dos distritos;<\/p>\n<p>V \u2013 a capta\u00e7\u00e3o de fundos de incentivo e apoio \u00e0s atividades da agricultura familiar, visando agregar valor a pequena produ\u00e7\u00e3o e preservar as caracter\u00edsticas culturais, para proporcionar a manuten\u00e7\u00e3o do trabalho e renda familiar;<\/p>\n<p>VI \u2013 o desenvolvimento de outras atividades no \u00e2mbito de sua compet\u00eancia.<\/p>\n<p>&nbsp;<\/p>\n<p>\u2014\u2014\u2014\u2014\u2014\u2014\u2014\u2014\u2014\u2014\u2014\u2014\u2014\u2014\u2014\u2014\u2014\u2014\u2014\u2014\u2014\u2014\u2014\u2014\u2014\u2014\u2014\u2014\u2014\u2014\u2014\u2014\u2014\u2014\u2014\u2014\u2014\u2014\u2014\u2014\u2014\u2014\u2014\u2014\u2014\u2014\u2014\u2014\u2014\u2014\u2014-<\/p>\n<p>SECRETARIA MUNICIPAL DE GOVERNO E RELA\u00c7\u00d5ES INSTITUCIONAIS<\/p>\n<p>Secret\u00e1rio: DEOCL\u00c9SIO PEREIRA DE SOUZA JUNIOR DO K\u00c9ZIO<\/p>\n<p>Endere\u00e7o: AV. JUCA PINH\u00c9 333 \u2013 JARDIM SANTA M\u00d4NICA<br \/>\nHor\u00e1rio de Atendimento: 07:00 AS 13:00<br \/>\nFone: 67 3669-0000\/67 3669-0017<br \/>\n\u00c0 Secretaria Municipal de Governo e Rela\u00e7\u00f5es Institucionais compete:<\/p>\n<p>I \u2013 o assessoramento ao Prefeito na coordena\u00e7\u00e3o e avalia\u00e7\u00e3o do desempenho das entidades e \u00f3rg\u00e3os da Administra\u00e7\u00e3o Municipal;<\/p>\n<p>II \u2013 a organiza\u00e7\u00e3o e o controle da agenda institucional e das audi\u00eancias do Prefeito;<\/p>\n<p>III \u2013 a organiza\u00e7\u00e3o e o controle dos servi\u00e7os de cerimonial, de recep\u00e7\u00e3o \u00e0s autoridades e de atendimento ao p\u00fablico;<\/p>\n<p>IV \u2013 o apoio log\u00edstico, administrativo e de seguran\u00e7a pessoal ao Prefeito;<\/p>\n<p>V \u2013 a formula\u00e7\u00e3o, coordena\u00e7\u00e3o e promo\u00e7\u00e3o da pol\u00edtica de rela\u00e7\u00f5es p\u00fablicas, publicidade institucional e de comunica\u00e7\u00e3o interna e externa do Poder Executivo Municipal;<\/p>\n<p>VI \u2013 a promo\u00e7\u00e3o e divulga\u00e7\u00e3o de fatos e temas de interesse p\u00fablico, sobre o munic\u00edpio e os servi\u00e7os municipais;<\/p>\n<p>VII \u2013 o apoio aos \u00f3rg\u00e3os municipais na divulga\u00e7\u00e3o de suas iniciativas, campanhas educativas e de esclarecimentos, e em seu relacionamento institucional com a comunidade local;<\/p>\n<p>VIII \u2013 a promo\u00e7\u00e3o, articula\u00e7\u00e3o, implanta\u00e7\u00e3o e manuten\u00e7\u00e3o de recursos eletr\u00f4nicos de comunica\u00e7\u00e3o, inclusive o Portal da Prefeitura, em articula\u00e7\u00e3o com a \u00e1rea de tecnologia da informa\u00e7\u00e3o;<\/p>\n<p>IX \u2013 a realiza\u00e7\u00e3o de correi\u00e7\u00e3o preliminar nos \u00f3rg\u00e3os municipais, mediante solicita\u00e7\u00e3o do Prefeito e dos Secret\u00e1rios Municipais;<\/p>\n<p>X \u2013 a formula\u00e7\u00e3o de recomenda\u00e7\u00f5es, propostas e sugest\u00f5es em colabora\u00e7\u00e3o com os demais setores da Administra\u00e7\u00e3o Municipal;<\/p>\n<p>XI \u2013 a assist\u00eancia e apoio ao Prefeito na articula\u00e7\u00e3o e relacionamento com o Poder Legislativo Municipal, entidades dos governos federal e estadual, associa\u00e7\u00f5es e empresas do setor privado e institui\u00e7\u00f5es e movimentos da sociedade civil;<\/p>\n<p>XII \u2013 a formula\u00e7\u00e3o, coordena\u00e7\u00e3o e execu\u00e7\u00e3o de pol\u00edticas e do plano diretor de inform\u00e1tica da Administra\u00e7\u00e3o Municipal;<\/p>\n<p>XIII \u2013 a promo\u00e7\u00e3o, coordena\u00e7\u00e3o, execu\u00e7\u00e3o e monitoramento do desenvolvimento e programa\u00e7\u00e3o de sistemas informatizados para a Prefeitura;<\/p>\n<p>XIV \u2013 o acompanhamento da tramita\u00e7\u00e3o de projetos de lei, nas diferentes esferas de poder, de interesse do Poder Executivo Municipal;<\/p>\n<p>XV \u2013 a coordena\u00e7\u00e3o da formula\u00e7\u00e3o, o apoio t\u00e9cnico ao gerenciamento e o monitoramento dos projetos estrat\u00e9gicos do Governo Municipal;<\/p>\n<p>XVI \u2013 o desenvolvimento de outras atividades no \u00e2mbito de sua compet\u00eancia.<\/p>\n<p>&nbsp;<\/p>\n<p>&nbsp;<\/p>\n<p>\u2014\u2014\u2014\u2014\u2014\u2014\u2014\u2014\u2014\u2014\u2014\u2014\u2014\u2014\u2014\u2014\u2014\u2014\u2014\u2014\u2014\u2014\u2014\u2014\u2014\u2014\u2014\u2014\u2014\u2014\u2014\u2014\u2014\u2014\u2014\u2014\u2014\u2014\u2014\u2014\u2014\u2014\u2014\u2014\u2014\u2014\u2014\u2014\u2014\u2014\u2014-<\/p>\n<p>PROCURADORIA JUR\u00cdDICA<\/p>\n<p>Procuradora: MARCELO AUGUSTO DA SILVEIRA FACIN<\/p>\n<p>Endere\u00e7o: RUA EPONINO GARCIA LEAL, 317 \u2013 JARDIM SANTA M\u00d4NICA<br \/>\nHor\u00e1rio de Atendimento: 07:00 AS 13:00<br \/>\nFone: 67 3669-0000\/67 3669-0026<br \/>\n\u00c0 Procuradoria Jur\u00eddica compete:<\/p>\n<p>I \u2013 a representa\u00e7\u00e3o judicial e extrajudicial do Munic\u00edpio de Parana\u00edba nas a\u00e7\u00f5es em que figure como parte ou nas quais tenha interesse;<\/p>\n<p>II \u2013 a consultoria e o assessoramento jur\u00eddico dos \u00f3rg\u00e3os da administra\u00e7\u00e3o direta municipal, no \u00e2mbito de sua atua\u00e7\u00e3o;<\/p>\n<p>III \u2013 a cobran\u00e7a judicial da d\u00edvida ativa municipal;<\/p>\n<p>IV \u2013 o controle de legalidade e constitucionalidade dos atos normativos e administrativos dos demais \u00f3rg\u00e3os da administra\u00e7\u00e3o, inclusive com avoca\u00e7\u00e3o de qualquer ato ou processo para an\u00e1lise;<\/p>\n<p>V \u2013 a emiss\u00e3o de pareceres, opini\u00f5es e recomenda\u00e7\u00f5es jur\u00eddicas, aos demais \u00f3rg\u00e3os da administra\u00e7\u00e3o municipal, podendo propor ao Chefe do Executivo atribui\u00e7\u00e3o de efeitos normativos ao ato consultivo, que ap\u00f3s publica\u00e7\u00e3o, vincular\u00e1 toda a administra\u00e7\u00e3o;<\/p>\n<p>VI \u2013 a elabora\u00e7\u00e3o das informa\u00e7\u00f5es a serem prestadas em mandado de seguran\u00e7a em face dos agentes municipais;<\/p>\n<p>VII \u2013 submeter \u00e0 aprecia\u00e7\u00e3o do Chefe do Poder Executivo a propositura de A\u00e7\u00e3o Dec1arat\u00f3ria de Inconstitucionalidade por viola\u00e7\u00e3o \u00e0 Constitui\u00e7\u00e3o do Estado de Mato Grosso do Sul, elaborando a respectiva inicial e demais pe\u00e7as pertinentes;<\/p>\n<p>VIII \u2013 manifestar-se nos procedimentos de licita\u00e7\u00e3o, nos termos da legisla\u00e7\u00e3o aplic\u00e1vel;<\/p>\n<p>IX \u2013 opinar quanto ao cumprimento de decis\u00f5es judiciais e \u00e0 extens\u00e3o dos efeitos de julgados, bem como orientar sobre a aplica\u00e7\u00e3o das normas e interpreta\u00e7\u00f5es jur\u00eddicas a respeito de temas de interesse p\u00fablico.<\/p>\n<p>X \u2013 praticar atos correcionais relativos aos seus membros e expedir instru\u00e7\u00f5es para garantir a fiel execu\u00e7\u00e3o das disposi\u00e7\u00f5es desta lei concernentes \u00e0 institui\u00e7\u00e3o;<\/p>\n<p>XI \u2013 requisitar informa\u00e7\u00f5es, documentos, dilig\u00eancias e demais provid\u00eancias para cumprimento de suas compet\u00eancias institucionais;<\/p>\n<p>XII \u2013 exercer outras atividades de car\u00e1ter jur\u00eddico ou delegadas pelo chefe do executivo;<\/p>\n<p>XIII \u2013 promovera emiss\u00e3o de pareceres sobre minutas de anteprojeto de lei e projetos de decreto, especialmente para an\u00e1lise de constitucionalidade.<\/p>\n<p>&nbsp;<\/p>\n<p>&nbsp;<\/p>\n<p>\u2014\u2014\u2014\u2014\u2014\u2014\u2014\u2014\u2014\u2014\u2014\u2014\u2014\u2014\u2014\u2014\u2014\u2014\u2014\u2014\u2014\u2014\u2014\u2014\u2014\u2014\u2014\u2014\u2014\u2014\u2014\u2014\u2014\u2014\u2014\u2014\u2014\u2014\u2014\u2014\u2014\u2014\u2014\u2014\u2014\u2014\u2014\u2014\u2014\u2014\u2014-<\/p>\n<p>&nbsp;<\/p>\n<p>CONTROLE INTERNO<\/p>\n<p>Respons\u00e1vel: WUILON ANT\u00d4NIO DE FARIA FILHO<\/p>\n<p>Endere\u00e7o: AV. JUCA PINHE 333 \u2013 JARDIM SANTA MONICA<br \/>\nHor\u00e1rio de Atendimento: 07:00 \u00c0S 13:00<br \/>\nFone: 67 3669-0000\/67 3669-0013<\/p>\n<p>&nbsp;<\/p>\n<p>\u00c0 Controladoria compete:<\/p>\n<p>I \u2013 a formula\u00e7\u00e3o de recomenda\u00e7\u00f5es e sugest\u00f5es, em colabora\u00e7\u00e3o com os demais \u00f3rg\u00e3os da Administra\u00e7\u00e3o Municipal, para o aprimoramento da efici\u00eancia dos processos administrativos e do atendimento ao p\u00fablico;<\/p>\n<p>II \u2013 a promo\u00e7\u00e3o do controle da legalidade, legitimidade, economicidade e razoabilidade, em rela\u00e7\u00e3o aos processos or\u00e7ament\u00e1rios, financeiros, patrimoniais e operacionais dos \u00f3rg\u00e3os da Prefeitura, bem como \u00e0 aplica\u00e7\u00e3o de recursos e subven\u00e7\u00f5es e \u00e0 ren\u00fancia as receitas;<\/p>\n<p>III \u2013 a auditoria nos sistemas de pessoal, material, servi\u00e7os gerais, patrimonial, de custo, de arrecada\u00e7\u00e3o e de previs\u00f5es or\u00e7ament\u00e1rias dos \u00f3rg\u00e3os da Administra\u00e7\u00e3o Municipal;<\/p>\n<p>IV \u2013 a produ\u00e7\u00e3o e divulga\u00e7\u00e3o de normas e m\u00e9todos, bem como assist\u00eancia e orienta\u00e7\u00e3o pr\u00e9via aos \u00f3rg\u00e3os municipais, tendo em vista prevenir e evitar a ocorr\u00eancia de erros e irregularidades de processos e comportamentos;<\/p>\n<p>V \u2013 a supervis\u00e3o e execu\u00e7\u00e3o de atividades correcionais e disciplinares junto ao pessoal dos \u00f3rg\u00e3os da Prefeitura, atuando de forma corretiva, preventiva e pedag\u00f3gica;<\/p>\n<p>VI \u2013 o desempenho de outras compet\u00eancias afins.<\/p>\n<p>&nbsp;<\/p>\n<p>\u2014\u2014\u2014\u2014\u2014\u2014\u2014\u2014\u2014\u2014\u2014\u2014\u2014\u2014\u2014\u2014\u2014\u2014\u2014\u2014\u2014\u2014\u2014\u2014\u2014\u2014\u2014\u2014\u2014\u2014\u2014\u2014\u2014\u2014\u2014\u2014\u2014\u2014\u2014\u2014\u2014\u2014\u2014\u2014\u2014\u2014\u2014\u2014\u2014\u2014\u2014-<\/p>\n<p>JUNTA MILITAR<\/p>\n<p>&nbsp;<\/p>\n<p>Endere\u00e7o: AV.: AUGUSTO CORR\u00caIA DA COSTA, 755 \u2013 CENTRO<br \/>\nHor\u00e1rio de Atendimento: 07:00 AS 13:00<br \/>\nFone: 67 3669-0060\/67 3669-0095<br \/>\n\u00c0 Junta Militar compete:<\/p>\n<p>I \u2013 promover o alistamento militar obrigat\u00f3rio para os jovens do sexo masculino<br \/>\nmaiores de 18 anos.<\/p>\n<p>&nbsp;<\/p>\n<p>\u2014\u2014\u2014\u2014\u2014\u2014\u2014\u2014\u2014\u2014\u2014\u2014\u2014\u2014\u2014\u2014\u2014\u2014\u2014\u2014\u2014\u2014\u2014\u2014\u2014\u2014\u2014\u2014\u2014\u2014\u2014\u2014\u2014\u2014\u2014\u2014\u2014\u2014\u2014\u2014\u2014\u2014\u2014\u2014\u2014\u2014\u2014\u2014\u2014\u2014\u2014-<\/p>\n<p>PROCON<\/p>\n<p>Endere\u00e7o: AV.: MAJOR FRANCISCO FAUSTINO DIAS, S\/N \u2013 CENTRO DE EVENTOS DELC\u00cdDIO DO AMARAL<\/p>\n<p>Hor\u00e1rio de Atendimento: 07:00 AS 13:00<br \/>\nFone: 67 3669-0000\/67 3669-0098<br \/>\n\u2014\u2014\u2014\u2014\u2014\u2014\u2014\u2014\u2014\u2014\u2014\u2014\u2014\u2014\u2014\u2014\u2014\u2014\u2014\u2014\u2014\u2014\u2014\u2014\u2014\u2014\u2014\u2014\u2014\u2014\u2014\u2014\u2014\u2014\u2014\u2014\u2014\u2014\u2014\u2014\u2014\u2014\u2014\u2014\u2014\u2014\u2014\u2014\u2014\u2014\u2014<\/p>\n<p>DEMUTRAN<\/p>\n<p>Endere\u00e7o: AV.: MAJOR FRANCISCO FAUSTINO DIAS, S\/N \u2013 CENTRO DE EVENTOS DELC\u00cdDIO DO AMARAL<\/p>\n<p>Hor\u00e1rio de Atendimento: 07:00 AS 13:00<br \/>\nFone: 67 3669-0000\/67 3669-0097<br \/>\n\u2014\u2014\u2014\u2014\u2014\u2014\u2014\u2014\u2014\u2014\u2014\u2014\u2014\u2014\u2014\u2014\u2014\u2014\u2014\u2014\u2014\u2014\u2014\u2014\u2014\u2014\u2014\u2014\u2014\u2014\u2014\u2014\u2014\u2014\u2014\u2014\u2014\u2014\u2014\u2014\u2014\u2014\u2014\u2014\u2014\u2014\u2014\u2014\u2014\u2014\u2014-<\/p>\n<p>CONSELHO TUTELAR<\/p>\n<p>Endere\u00e7o: RUA ANT\u00d4NIO BERGANTINI, 173 \u2013 JARDIM AM\u00c9RICA<\/p>\n<p>Hor\u00e1rio de Atendimento: 24HS<br \/>\nFone: 67 3669-0096\/67 99993-1623<br \/>\n\u2014\u2014\u2014\u2014\u2014\u2014\u2014\u2014\u2014\u2014\u2014\u2014\u2014\u2014\u2014\u2014\u2014\u2014\u2014\u2014\u2014\u2014\u2014\u2014\u2014\u2014\u2014\u2014\u2014\u2014\u2014\u2014\u2014\u2014\u2014\u2014\u2014\u2014\u2014\u2014\u2014\u2014\u2014\u2014\u2014\u2014\u2014\u2014\u2014\u2014\u2014-<\/p>\n<p>VIGIL\u00c2NCIA SANITARIA<\/p>\n<p>Endere\u00e7o: RUA COMENDADOR GARCIA, 335 \u2013 CENTRO<\/p>\n<p>Hor\u00e1rio de Atendimento: 07:00 AS 13:00<br \/>\nFone: (67) 3669-0094 \/ (67) 99898-1050<br \/>\nE-mail: visa.paranaiba@saude.ms.gov.br<\/p>\n<p>&nbsp;<\/p>\n<p>\u00c0 Vigil\u00e2ncia Sanit\u00e1ria compete:<\/p>\n<p>I \u2013 supervisionar, coordenar e promover a presta\u00e7\u00e3o de assist\u00eancia m\u00e9dica e odontol\u00f3gica \u00e0 popula\u00e7\u00e3o;<\/p>\n<p>II \u2013 promover campanhas de vacina\u00e7\u00e3o e de esclarecimento p\u00fablico, inclusive colaborando com as demais esferas governamentais;<\/p>\n<p>III \u2013 fiscalizar o cumprimento das posturas referentes ao poder de pol\u00edcia e de higiene p\u00fablica;<\/p>\n<p>IV \u2013 desenvolver programas de atendimento preferencial a gestante, crian\u00e7as e idosos;<\/p>\n<p>V \u2013 atender no que for poss\u00edvel mediante medicamentos fornecidos por outras esferas de governo as popula\u00e7\u00f5es carentes do munic\u00edpio.<\/p>\n<p>&nbsp;<\/p>\n<p>\u2014\u2014\u2014\u2014\u2014\u2014\u2014\u2014\u2014\u2014\u2014\u2014\u2014\u2014\u2014\u2014\u2014\u2014\u2014\u2014\u2014\u2014\u2014\u2014\u2014\u2014\u2014\u2014\u2014\u2014\u2014\u2014\u2014\u2014\u2014\u2014\u2014\u2014\u2014\u2014\u2014\u2014\u2014\u2014\u2014\u2014\u2014\u2014\u2014\u2014\u2014-<\/p>\n<p>CASA ABRIGO<\/p>\n<p>Endere\u00e7o: RUA MARIA C\u00c2NDIDA DE FREITAS, 1395 \u2013 S\u00c3O JOS\u00c9<\/p>\n<p>Hor\u00e1rio de Atendimento: 24HS<br \/>\nFone: 67 3669-0000\/67 3668-0349<\/p>\n<p>SIC \u2013 SERVI\u00c7O DE INFORMA\u00c7\u00c3O AO CIDAD\u00c3O<\/p>\n<p>Endere\u00e7o: AV. JUCA PINHE 333 (CONTROLADORIA) \u2013 JARDIM SANTA MONICA<\/p>\n<p>Hor\u00e1rio de Atendimento: 07:00 \u00c0S 13:00<br \/>\nFone: 67 3669-0013\/67 3669-0000, RAMAL 230<br \/>\n\u2014\u2014\u2014\u2014\u2014\u2014\u2014\u2014\u2014\u2014\u2014\u2014\u2014\u2014\u2014\u2014\u2014\u2014\u2014\u2014\u2014\u2014\u2014\u2014\u2014\u2014\u2014\u2014\u2014\u2014\u2014\u2014\u2014\u2014\u2014\u2014\u2014\u2014\u2014\u2014\u2014\u2014\u2014\u2014\u2014\u2014\u2014\u2014\u2014\u2014\u2014-<\/p>\n<p>OUVIDORIA GERAL DO MUNIC\u00cdPIO \u2013 OGM<\/p>\n<p>Endere\u00e7o: AV. JUCA PINH\u00c9 333 \u2013 JARDIM SANTA M\u00d4NICA<\/p>\n<p>Hor\u00e1rio de Atendimento: 07:00 AS 13:00<br \/>\nFone: 67 3669-0010\/67 3669-0000, RAMAL 217<br \/>\nE-mail: ouvidoria@paranaiba.ms.gov.br<\/p>\n<p>&nbsp;<\/p>\n<p>\u2014\u2014\u2014\u2014\u2014\u2014\u2014\u2014\u2014\u2014\u2014\u2014\u2014\u2014\u2014\u2014\u2014\u2014\u2014\u2014\u2014\u2014\u2014\u2014\u2014\u2014\u2014\u2014\u2014\u2014\u2014\u2014\u2014\u2014\u2014\u2014\u2014\u2014\u2014\u2014\u2014\u2014\u2014\u2014\u2014\u2014\u2014\u2014\u2014\u2014\u2014-<\/p>\n<p>COMPRAS<\/p>\n<p>AV. JUCA PINH\u00c9 333 \u2013 JARDIM SANTA M\u00d4NICA \u2013 PARANA\u00cdBA \u2013 79.500-000<\/p>\n<p>07:00 AS 13:00<br \/>\n67 3669-0015\/67 3669-0016<br \/>\ncompras.pref@hotmail.com<\/p>\n<p>&nbsp;<\/p>\n<p>\u2014\u2014\u2014\u2014\u2014\u2014\u2014\u2014\u2014\u2014\u2014\u2014\u2014\u2014\u2014\u2014\u2014\u2014\u2014\u2014\u2014\u2014\u2014\u2014\u2014\u2014\u2014\u2014\u2014\u2014\u2014\u2014\u2014\u2014\u2014\u2014\u2014\u2014\u2014\u2014\u2014\u2014\u2014\u2014\u2014\u2014\u2014\u2014\u2014\u2014\u2014-<\/p>\n<p>LICITA\u00c7\u00d5ES<\/p>\n<p>AV. JUCA PINH\u00c9 333 \u2013 JARDIM SANTA M\u00d4NICA \u2013 PARANA\u00cdBA \u2013 MS \u2013 79500000<\/p>\n<p>07:00 AS 13:00<br \/>\n67 3669-0000\/RAMAL 203<br \/>\nlicitapref@hotmail.com<\/p>\n","protected":false},"excerpt":{"rendered":"<p>\u2014\u2014\u2014\u2014\u2014\u2014\u2014\u2014\u2014\u2014\u2014\u2014\u2014\u2014\u2014\u2014\u2014\u2014\u2014\u2014\u2014\u2014\u2014\u2014\u2014\u2014\u2014\u2014\u2014\u2014\u2014\u2014\u2014\u2014\u2014\u2014\u2014\u2014\u2014\u2014\u2014\u2014\u2014\u2014\u2014\u2014\u2014\u2014\u2014\u2014\u2014- &nbsp; CHEFE DE GABINETE JANE PAULA DA SILVA AV. JUCA PINH\u00c9, 333 \u2013 JARDIM SANTA M\u00d4NICA \u2013 PARANA\u00cdBA \u2013 MS \u2013 79500000 07:00 \u00c1S 13:00 HS 3669-0000\/3669-0023 jane_paula_ms@hotmail.com &nbsp; \u2014\u2014\u2014\u2014\u2014\u2014\u2014\u2014\u2014\u2014\u2014\u2014\u2014\u2014\u2014\u2014\u2014\u2014\u2014\u2014\u2014\u2014\u2014\u2014\u2014\u2014\u2014\u2014\u2014\u2014\u2014\u2014\u2014\u2014\u2014\u2014\u2014\u2014\u2014\u2014\u2014\u2014\u2014\u2014\u2014\u2014\u2014\u2014\u2014\u2014\u2014- SECRETARIA MUNICIPAL DE ADMINISTRA\u00c7\u00c3O Secret\u00e1ria: ADAILDA LOPES DE OLIVEIRA Endere\u00e7o: AV. JUCA PINH\u00c9 333 \u2013 JARDIM SANTA M\u00d4NICA Hor\u00e1rio de Atendimento: 07:00 AS 13:00&#8230;<\/p>\n","protected":false},"author":6,"featured_media":0,"parent":0,"menu_order":0,"comment_status":"closed","ping_status":"closed","template":"","meta":{"inline_featured_image":false,"footnotes":""},"class_list":["post-1142","page","type-page","status-publish","hentry"],"acf":[],"yoast_head":"<!-- This site is optimized with the Yoast SEO plugin v24.0 - https:\/\/yoast.com\/wordpress\/plugins\/seo\/ -->\n<title>Estrutura Organizacional - Prefeitura Municipal de Parana\u00edba-MS<\/title>\n<meta name=\"robots\" content=\"index, follow, max-snippet:-1, max-image-preview:large, max-video-preview:-1\" \/>\n<link rel=\"canonical\" href=\"https:\/\/www.paranaiba.ms.gov.br\/portal\/estrutura-organizacional\/\" \/>\n<meta name=\"twitter:label1\" content=\"Est. tempo de leitura\" \/>\n\t<meta name=\"twitter:data1\" content=\"27 minutos\" \/>\n<script type=\"application\/ld+json\" class=\"yoast-schema-graph\">{\"@context\":\"https:\/\/schema.org\",\"@graph\":[{\"@type\":\"WebPage\",\"@id\":\"https:\/\/www.paranaiba.ms.gov.br\/portal\/estrutura-organizacional\/\",\"url\":\"https:\/\/www.paranaiba.ms.gov.br\/portal\/estrutura-organizacional\/\",\"name\":\"Estrutura Organizacional - Prefeitura Municipal de Parana\u00edba-MS\",\"isPartOf\":{\"@id\":\"https:\/\/www.paranaiba.ms.gov.br\/portal\/#website\"},\"datePublished\":\"2022-08-08T23:50:08+00:00\",\"dateModified\":\"2024-03-05T11:08:03+00:00\",\"breadcrumb\":{\"@id\":\"https:\/\/www.paranaiba.ms.gov.br\/portal\/estrutura-organizacional\/#breadcrumb\"},\"inLanguage\":\"pt-BR\",\"potentialAction\":[{\"@type\":\"ReadAction\",\"target\":[\"https:\/\/www.paranaiba.ms.gov.br\/portal\/estrutura-organizacional\/\"]}]},{\"@type\":\"BreadcrumbList\",\"@id\":\"https:\/\/www.paranaiba.ms.gov.br\/portal\/estrutura-organizacional\/#breadcrumb\",\"itemListElement\":[{\"@type\":\"ListItem\",\"position\":1,\"name\":\"In\u00edcio\",\"item\":\"https:\/\/www.paranaiba.ms.gov.br\/portal\/\"},{\"@type\":\"ListItem\",\"position\":2,\"name\":\"Estrutura Organizacional\"}]},{\"@type\":\"WebSite\",\"@id\":\"https:\/\/www.paranaiba.ms.gov.br\/portal\/#website\",\"url\":\"https:\/\/www.paranaiba.ms.gov.br\/portal\/\",\"name\":\"Prefeitura Municipal de Parana\u00edba-MS\",\"description\":\"Prefeitura Municipal de Parana\u00edba-MS\",\"publisher\":{\"@id\":\"https:\/\/www.paranaiba.ms.gov.br\/portal\/#organization\"},\"potentialAction\":[{\"@type\":\"SearchAction\",\"target\":{\"@type\":\"EntryPoint\",\"urlTemplate\":\"https:\/\/www.paranaiba.ms.gov.br\/portal\/?s={search_term_string}\"},\"query-input\":{\"@type\":\"PropertyValueSpecification\",\"valueRequired\":true,\"valueName\":\"search_term_string\"}}],\"inLanguage\":\"pt-BR\"},{\"@type\":\"Organization\",\"@id\":\"https:\/\/www.paranaiba.ms.gov.br\/portal\/#organization\",\"name\":\"Prefeitura Municipal de Parana\u00edba-MS\",\"url\":\"https:\/\/www.paranaiba.ms.gov.br\/portal\/\",\"logo\":{\"@type\":\"ImageObject\",\"inLanguage\":\"pt-BR\",\"@id\":\"https:\/\/www.paranaiba.ms.gov.br\/portal\/#\/schema\/logo\/image\/\",\"url\":\"https:\/\/www.paranaiba.ms.gov.br\/portal\/wp-content\/uploads\/2022\/11\/logo-rodape02.webp\",\"contentUrl\":\"https:\/\/www.paranaiba.ms.gov.br\/portal\/wp-content\/uploads\/2022\/11\/logo-rodape02.webp\",\"width\":556,\"height\":492,\"caption\":\"Prefeitura Municipal de Parana\u00edba-MS\"},\"image\":{\"@id\":\"https:\/\/www.paranaiba.ms.gov.br\/portal\/#\/schema\/logo\/image\/\"}}]}<\/script>\n<!-- \/ Yoast SEO plugin. -->","yoast_head_json":{"title":"Estrutura Organizacional - Prefeitura Municipal de Parana\u00edba-MS","robots":{"index":"index","follow":"follow","max-snippet":"max-snippet:-1","max-image-preview":"max-image-preview:large","max-video-preview":"max-video-preview:-1"},"canonical":"https:\/\/www.paranaiba.ms.gov.br\/portal\/estrutura-organizacional\/","twitter_misc":{"Est. tempo de leitura":"27 minutos"},"schema":{"@context":"https:\/\/schema.org","@graph":[{"@type":"WebPage","@id":"https:\/\/www.paranaiba.ms.gov.br\/portal\/estrutura-organizacional\/","url":"https:\/\/www.paranaiba.ms.gov.br\/portal\/estrutura-organizacional\/","name":"Estrutura Organizacional - Prefeitura Municipal de Parana\u00edba-MS","isPartOf":{"@id":"https:\/\/www.paranaiba.ms.gov.br\/portal\/#website"},"datePublished":"2022-08-08T23:50:08+00:00","dateModified":"2024-03-05T11:08:03+00:00","breadcrumb":{"@id":"https:\/\/www.paranaiba.ms.gov.br\/portal\/estrutura-organizacional\/#breadcrumb"},"inLanguage":"pt-BR","potentialAction":[{"@type":"ReadAction","target":["https:\/\/www.paranaiba.ms.gov.br\/portal\/estrutura-organizacional\/"]}]},{"@type":"BreadcrumbList","@id":"https:\/\/www.paranaiba.ms.gov.br\/portal\/estrutura-organizacional\/#breadcrumb","itemListElement":[{"@type":"ListItem","position":1,"name":"In\u00edcio","item":"https:\/\/www.paranaiba.ms.gov.br\/portal\/"},{"@type":"ListItem","position":2,"name":"Estrutura Organizacional"}]},{"@type":"WebSite","@id":"https:\/\/www.paranaiba.ms.gov.br\/portal\/#website","url":"https:\/\/www.paranaiba.ms.gov.br\/portal\/","name":"Prefeitura Municipal de Parana\u00edba-MS","description":"Prefeitura Municipal de Parana\u00edba-MS","publisher":{"@id":"https:\/\/www.paranaiba.ms.gov.br\/portal\/#organization"},"potentialAction":[{"@type":"SearchAction","target":{"@type":"EntryPoint","urlTemplate":"https:\/\/www.paranaiba.ms.gov.br\/portal\/?s={search_term_string}"},"query-input":{"@type":"PropertyValueSpecification","valueRequired":true,"valueName":"search_term_string"}}],"inLanguage":"pt-BR"},{"@type":"Organization","@id":"https:\/\/www.paranaiba.ms.gov.br\/portal\/#organization","name":"Prefeitura Municipal de Parana\u00edba-MS","url":"https:\/\/www.paranaiba.ms.gov.br\/portal\/","logo":{"@type":"ImageObject","inLanguage":"pt-BR","@id":"https:\/\/www.paranaiba.ms.gov.br\/portal\/#\/schema\/logo\/image\/","url":"https:\/\/www.paranaiba.ms.gov.br\/portal\/wp-content\/uploads\/2022\/11\/logo-rodape02.webp","contentUrl":"https:\/\/www.paranaiba.ms.gov.br\/portal\/wp-content\/uploads\/2022\/11\/logo-rodape02.webp","width":556,"height":492,"caption":"Prefeitura Municipal de Parana\u00edba-MS"},"image":{"@id":"https:\/\/www.paranaiba.ms.gov.br\/portal\/#\/schema\/logo\/image\/"}}]}},"_links":{"self":[{"href":"https:\/\/www.paranaiba.ms.gov.br\/portal\/wp-json\/wp\/v2\/pages\/1142","targetHints":{"allow":["GET"]}}],"collection":[{"href":"https:\/\/www.paranaiba.ms.gov.br\/portal\/wp-json\/wp\/v2\/pages"}],"about":[{"href":"https:\/\/www.paranaiba.ms.gov.br\/portal\/wp-json\/wp\/v2\/types\/page"}],"author":[{"embeddable":true,"href":"https:\/\/www.paranaiba.ms.gov.br\/portal\/wp-json\/wp\/v2\/users\/6"}],"replies":[{"embeddable":true,"href":"https:\/\/www.paranaiba.ms.gov.br\/portal\/wp-json\/wp\/v2\/comments?post=1142"}],"version-history":[{"count":4,"href":"https:\/\/www.paranaiba.ms.gov.br\/portal\/wp-json\/wp\/v2\/pages\/1142\/revisions"}],"predecessor-version":[{"id":10605,"href":"https:\/\/www.paranaiba.ms.gov.br\/portal\/wp-json\/wp\/v2\/pages\/1142\/revisions\/10605"}],"wp:attachment":[{"href":"https:\/\/www.paranaiba.ms.gov.br\/portal\/wp-json\/wp\/v2\/media?parent=1142"}],"curies":[{"name":"wp","href":"https:\/\/api.w.org\/{rel}","templated":true}]}}