{"id":21,"date":"2022-05-19T18:17:51","date_gmt":"2022-05-19T21:17:51","guid":{"rendered":"https:\/\/www.paranaiba.ms.gov.br\/portal\/?page_id=21"},"modified":"2023-12-05T20:36:38","modified_gmt":"2023-12-05T23:36:38","slug":"contatos","status":"publish","type":"page","link":"https:\/\/www.paranaiba.ms.gov.br\/portal\/contatos\/","title":{"rendered":"Contatos"},"content":{"rendered":"\r\n<div class=\"wp-block-group\"><div class=\"wp-block-group__inner-container is-layout-flow wp-block-group-is-layout-flow\">\r\n<h2>\u2022\u00a0PA\u00c7O MUNICIPAL<\/h2>\r\n<p><strong>Hor\u00e1rio de Atendimento:<\/strong>\u00a007 \u00e0s 12h<br \/><strong>Telefone:<\/strong>\u00a0(67) 3669-0000<br \/><strong>Endere\u00e7o:\u00a0<\/strong>Av. Juca Pinh\u00e9, n\u00ba 333 \u2013 Jardim Santa M\u00f4nica<\/p>\r\n<\/div><\/div>\r\n\r\n<div class=\"wp-block-group\">\r\n<h2><strong>\u2022 GABINETE<\/strong><\/h2>\r\n\r\n\r\n<p><strong>Endere\u00e7o:<\/strong>\u00a0AV. JUCA PINH\u00c9 333 \u2013 JARDIM SANTA M\u00d4NICA<br \/>\r\n<strong>Hor\u00e1rio de Atendimento:\u00a0<\/strong>\u00a007:00 AS 13:00<br \/>\r\n<strong>Fone:\u00a0<\/strong>67 3669-0000\u00a0 \/\u00a0 67 3669-0001<\/p>\r\n<strong>E-mail:\u00a0<\/strong>gabinete@paranaiba.ms.gov.br<\/p>\r\n<\/div>\r\n\r\n\r\n\r\n<div class=\"wp-block-group\">\r\n<h2 class=\"wp-block-heading\"><strong>\u2022 SECRETARIA MUNICIPAL DE FINAN\u00c7AS E PLANEJAMENTO<\/strong><\/h2>\r\n\r\n\r\n<p><strong>Endere\u00e7o:<\/strong>\u00a0AV. JUCA PINH\u00c9 333 \u2013 JARDIM SANTA M\u00d4NICA\u00a0<br \/><strong>Hor\u00e1rio de Atendimento:<\/strong>\u00a0\u00a007:00 AS 13:00<br \/><strong>Fone:\u00a0<\/strong>67 3669-0000\u00a0 \/\u00a0 3669-0015<\/p>\r\n<\/div>\r\n\r\n\r\n\r\n<div class=\"wp-block-group\"><div class=\"wp-block-group__inner-container is-layout-flow wp-block-group-is-layout-flow\">\r\n<h2 class=\"wp-block-heading\"><strong>\u2022 SECRETARIA MUNICIPAL DE ADMINISTRA\u00c7\u00c3O<\/strong><\/h2>\r\n\r\n\r\n<p><strong>Endere\u00e7o:<\/strong>\u00a0AV. JUCA PINH\u00c9 333 \u2013 JARDIM SANTA M\u00d4NICA<br \/><strong>Hor\u00e1rio de Atendimento:\u00a0<\/strong>\u00a007:00 AS 13:00<br \/><strong>Fone:\u00a0<\/strong>67 3669-0000\u00a0 \/\u00a0 67 3669-0001<\/p>\r\n<\/div><\/div>\r\n\r\n\r\n\r\n\r\n\r\n\r\n\r\n<div class=\"wp-block-group\"><div class=\"wp-block-group__inner-container is-layout-flow wp-block-group-is-layout-flow\">\r\n<h2 class=\"wp-block-heading\"><strong>\u2022 SECRETARIA MUNICIPAL DE SA\u00daDE<\/strong><\/h2>\r\n\r\n\r\n\r\n<p><strong>Endere\u00e7o:\u00a0<\/strong>\u00a0RUA: JOS\u00c9 RODRIGUES FERRAZ, 834 \u2013 CENTRO<br \/><strong>Hor\u00e1rio de Atendimento:<\/strong>\u00a0\u00a007:00 AS 13:00<br \/><strong>Fone:\u00a0<\/strong>67 3669-0020<\/p>\r\n<\/div><\/div>\r\n\r\n\r\n\r\n<div class=\"wp-block-group\"><div class=\"wp-block-group__inner-container is-layout-flow wp-block-group-is-layout-flow\">\r\n<h2 class=\"wp-block-heading\"><strong>\u2022 SECRETARIA MUNICIPAL DE ASSIST\u00caNCIA SOCIAL<\/strong><\/h2>\r\n\r\n\r\n\r\n<p><strong>Endere\u00e7o:\u00a0<\/strong>AV.: CORONEL GUSTAVO RODRIGUES DA SILVA, 1875 \u2013 SANTO ANT\u00d4NIO<br \/><strong>Hor\u00e1rio de Atendimento:<\/strong>\u00a0\u00a007:00 AS 13:00<br \/><strong>Fone:<\/strong> 67 3669-0070<\/p>\r\n<\/div><\/div>\r\n\r\n\r\n\r\n<div class=\"wp-block-group\"><div class=\"wp-block-group__inner-container is-layout-flow wp-block-group-is-layout-flow\">\r\n<h2 class=\"wp-block-heading\"><strong>\u2022 SECRETARIA MUNICIPAL DE EDUCA\u00c7\u00c3O<\/strong><\/h2>\r\n\r\n\r\n\r\n<p><strong>Endere\u00e7o:<\/strong>\u00a0AV. JUCA PINH\u00c9 333 \u2013 JARDIM SANTA M\u00d4NICA<br \/><strong>Hor\u00e1rio de Atendimento:\u00a0<\/strong>\u00a007:00 AS 13:00<br \/><strong>Fone:\u00a0<\/strong>67 3669-0050<\/p>\r\n<\/div><\/div>\r\n\r\n\r\n\r\n<div class=\"wp-block-group\"><div class=\"wp-block-group__inner-container is-layout-flow wp-block-group-is-layout-flow\">\r\n<h2 class=\"wp-block-heading\"><strong>\u2022 SECRETARIA MUNICIPAL DE CULTURA<\/strong><\/h2>\r\n\r\n\r\n\r\n<p><strong>Endere\u00e7o:<\/strong>\u00a0AV. JUCA PINH\u00c9 333 \u2013 JARDIM SANTA<br \/><strong>Hor\u00e1rio de Atendimento:\u00a0<\/strong>\u00a007:00 AS 13:00<br \/><strong>Fone:<\/strong> 67 3669-0091<\/p>\r\n<\/div><\/div>\r\n\r\n\r\n\r\n<div class=\"wp-block-group\"><div class=\"wp-block-group__inner-container is-layout-flow wp-block-group-is-layout-flow\">\r\n<h2 class=\"wp-block-heading\"><strong>\u2022 SECRETARIA MUNICIPAL DE ESPORTE, JUVENTUDE E LAZER<\/strong><\/h2>\r\n\r\n\r\n\r\n<p><strong>Endere\u00e7o:<\/strong>\u00a0AV.: MAJOR FRANCISCO FAUSTINO DIAS, S\/N \u2013 CENTRO DE EVENTOS DELC\u00cdDIO DO AMARAL\u00a0<br \/><strong>Hor\u00e1rio de Atendimento:<\/strong>\u00a0\u00a007:00 AS 13:00<br \/><strong>Fone:\u00a0<\/strong>67 3669-0089<\/p>\r\n<\/div><\/div>\r\n\r\n\r\n\r\n<div class=\"wp-block-group\"><div class=\"wp-block-group__inner-container is-layout-flow wp-block-group-is-layout-flow\">\r\n<h2 class=\"wp-block-heading\"><strong>\u2022 SECRETARIA MUNICIPAL DE OBRAS, URBANISMO E HABITA\u00c7\u00c3O<\/strong><\/h2>\r\n\r\n\r\n\r\n<p><strong>Endere\u00e7o:\u00a0<\/strong>AV. JUCA PINH\u00c9 333 \u2013 JARDIM SANTA M\u00d4NICA<br \/><strong>Hor\u00e1rio de Atendimento:<\/strong>\u00a0\u00a007:00 AS 13:00<br \/><strong>Fone:\u00a0<\/strong>67 3669-0080<\/p>\r\n<\/div><\/div>\r\n\r\n\r\n\r\n<div class=\"wp-block-group\"><div class=\"wp-block-group__inner-container is-layout-flow wp-block-group-is-layout-flow\">\r\n<h2 class=\"wp-block-heading\"><strong>\u2022 SECRETARIA MUNICIPAL DE MEIO AMBIENTE<\/strong><\/h2>\r\n\r\n\r\n\r\n<p><strong>Endere\u00e7o:\u00a0\u00a0<\/strong>Av. Ant\u00f4nio Garcia de Freitas, 540, Jardim Santo Ant\u00f4nio\u00a0<br \/><strong>Hor\u00e1rio de Atendimento:<\/strong>\u00a0\u00a007:00 AS 13:00<br \/><strong>Fone:\u00a0<\/strong>67 3669-0087<\/p>\r\n<\/div><\/div>\r\n\r\n\r\n\r\n<div class=\"wp-block-group\"><div class=\"wp-block-group__inner-container is-layout-flow wp-block-group-is-layout-flow\">\r\n<h2 class=\"wp-block-heading\"><strong>\u2022 SECRETARIA MUNICIPAL DE IND\u00daSTRIA E COM\u00c9RCIO<\/strong><\/h2>\r\n\r\n\r\n\r\n<p><strong>Endere\u00e7o:<\/strong>\u00a0AV. JUCA PINH\u00c9 333 \u2013 JARDIM SANTA M\u00d4NICA<br \/><strong>Hor\u00e1rio de Atendimento:\u00a0<\/strong>\u00a007:00 AS 13:00<br \/><strong>Fone:<\/strong> 67 3669-0088<\/p>\r\n<\/div><\/div>\r\n\r\n\r\n\r\n<div class=\"wp-block-group\"><div class=\"wp-block-group__inner-container is-layout-flow wp-block-group-is-layout-flow\">\r\n<h2 class=\"wp-block-heading\"><strong>\u2022 SECRETARIA MUNICIPAL DE AGRICULTURA E PECU\u00c1RIA<\/strong><\/h2>\r\n\r\n\r\n\r\n<p><strong>Endere\u00e7o:\u00a0<\/strong>AV.: CORONEL AUGUSTO CORR\u00caIA DA COSTA J\u00daNIOR, 755 \u2013 CENTRO<br \/><strong>Hor\u00e1rio de Atendimento:\u00a0<\/strong>\u00a007:00 AS 13:00<br \/><strong>Fone:\u00a0<\/strong>67 3669-0090<\/p>\r\n<\/div><\/div>\r\n\r\n\r\n\r\n<div class=\"wp-block-group\"><div class=\"wp-block-group__inner-container is-layout-flow wp-block-group-is-layout-flow\">\r\n<h2 class=\"wp-block-heading\"><strong>\u2022 SECRETARIA MUNICIPAL DE GOVERNO E RELA\u00c7\u00d5ES INSTITUCIONAIS<\/strong><\/h2>\r\n\r\n\r\n\r\n<p><strong>Endere\u00e7o:\u00a0<\/strong>AV. JUCA PINH\u00c9 333 \u2013 JARDIM SANTA M\u00d4NICA<br \/><strong>Hor\u00e1rio de Atendimento:<\/strong>\u00a0\u00a007:00 AS 13:00<br \/><strong>Fone:\u00a0<\/strong>67 3669-0094<\/p>\r\n<\/div><\/div>\r\n\r\n\r\n\r\n<div class=\"wp-block-group\"><div class=\"wp-block-group__inner-container is-layout-flow wp-block-group-is-layout-flow\">\r\n<h2 class=\"wp-block-heading\"><strong>\u2022 PROCURADORIA JUR\u00cdDICA<\/strong><\/h2>\r\n\r\n\r\n\r\n<p><strong>Endere\u00e7o:<\/strong>\u00a0RUA EPONINO GARCIA LEAL, 317 \u2013 JARDIM SANTA M\u00d4NICA<br \/><strong>Hor\u00e1rio de Atendimento:<\/strong>\u00a0\u00a007:00 AS 13:00<br \/><strong>Fone:\u00a0<\/strong>67 3669-0099<\/p>\r\n<\/div><\/div>\r\n\r\n\r\n\r\n<div class=\"wp-block-group\"><div class=\"wp-block-group__inner-container is-layout-flow wp-block-group-is-layout-flow\">\r\n<h2 class=\"wp-block-heading\"><strong>\u2022 CONTROLE INTERNO<\/strong><\/h2>\r\n\r\n\r\n\r\n<p><strong>Endere\u00e7o:<\/strong>\u00a0AV. JUCA PINHE 333 \u2013 JARDIM SANTA MONICA<br \/><strong>Hor\u00e1rio de Atendimento:<\/strong>\u00a0\u00a007:00 \u00c0S 13:00<br \/><strong>Fone:<\/strong> 67 3669-0095<\/p>\r\n<\/div><\/div>\r\n\r\n\r\n\r\n<div class=\"wp-block-group\"><div class=\"wp-block-group__inner-container is-layout-flow wp-block-group-is-layout-flow\">\r\n<h2 class=\"wp-block-heading\"><strong>\u2022 JUNTA MILITAR<\/strong><\/h2>\r\n\r\n\r\n\r\n<p><strong>Endere\u00e7o:<\/strong>\u00a0AV.: AUGUSTO CORR\u00caIA DA COSTA, 755 \u2013 CENTRO<br \/><strong>Hor\u00e1rio de Atendimento:<\/strong>\u00a007:00 AS 13:00<br \/><strong>Fone:<\/strong> 67 3669-0098<\/p>\r\n<\/div><\/div>\r\n\r\n\r\n\r\n<div class=\"wp-block-group\"><div class=\"wp-block-group__inner-container is-layout-flow wp-block-group-is-layout-flow\">\r\n<h2 class=\"wp-block-heading\"><strong>\u2022 PROCON<\/strong><\/h2>\r\n\r\n\r\n\r\n<p><strong>Endere\u00e7o:<\/strong>\u00a0AV.: MAJOR FRANCISCO FAUSTINO DIAS, S\/N \u2013 CENTRO DE EVENTOS DELC\u00cdDIO DO AMARAL<br \/><strong>Hor\u00e1rio de Atendimento:<\/strong>\u00a0\u00a007:00 AS 13:00<br \/><strong>Fone:<\/strong> 67 3669-0093<\/p>\r\n<\/div><\/div>\r\n\r\n\r\n\r\n<div class=\"wp-block-group\"><div class=\"wp-block-group__inner-container is-layout-flow wp-block-group-is-layout-flow\">\r\n<h2 class=\"wp-block-heading\"><strong>\u2022 DEMUTRAN<\/strong><\/h2>\r\n\r\n\r\n\r\n<p><strong>Endere\u00e7o:<\/strong>\u00a0AV.: MAJOR FRANCISCO FAUSTINO DIAS, S\/N \u2013 CENTRO DE EVENTOS DELC\u00cdDIO DO AMARAL<br \/><strong>Hor\u00e1rio de Atendimento:<\/strong>\u00a0\u00a007:00 AS 13:00<br \/><strong>Fone:<\/strong> 67 3669-0085<\/p>\r\n<\/div><\/div>\r\n\r\n\r\n\r\n<div class=\"wp-block-group\"><div class=\"wp-block-group__inner-container is-layout-flow wp-block-group-is-layout-flow\">\r\n<h2 class=\"wp-block-heading\"><strong>\u2022 CONSELHO TUTELAR<\/strong><\/h2>\r\n\r\n\r\n\r\n<p><strong>Endere\u00e7o:<\/strong>\u00a0RUA ANT\u00d4NIO BERGANTINI, 173 \u2013 JARDIM AM\u00c9RICA\u00a0<br \/><strong>Hor\u00e1rio de Atendimento:\u00a0<\/strong>\u00a024HS<br \/><strong>Fone:\u00a0<\/strong>67 3669-0076<\/p>\r\n<\/div><\/div>\r\n\r\n\r\n\r\n<div class=\"wp-block-group\"><div class=\"wp-block-group__inner-container is-layout-flow wp-block-group-is-layout-flow\">\r\n<h2 class=\"wp-block-heading\"><strong>\u2022 VIGIL\u00c2NCIA SANITARIA<\/strong><\/h2>\r\n\r\n\r\n\r\n<p><strong>Endere\u00e7o:\u00a0<\/strong>RUA COMENDADOR GARCIA, 335 \u2013 CENTRO<br \/><strong>Hor\u00e1rio de Atendimento:<\/strong>\u00a0\u00a007:00 AS 13:00<br \/><strong>Fone: (<\/strong>67) 3669-0037<br \/><strong>E-mail:\u00a0<\/strong><a href=\"mailto:visa.paranaiba@saude.ms.gov.br\">visa.paranaiba@saude.ms.gov.br<\/a><\/p>\r\n<\/div><\/div>\r\n\r\n\r\n\r\n<div class=\"wp-block-group\"><div class=\"wp-block-group__inner-container is-layout-flow wp-block-group-is-layout-flow\">\r\n<h2 class=\"wp-block-heading\"><strong>\u2022 CASA DE ACOLHIMENTO<\/strong><\/h2>\r\n\r\n\r\n\r\n<p><strong>Endere\u00e7o:<\/strong>\u00a0RUA MARIA C\u00c2NDIDA DE FREITAS, 1395 \u2013 S\u00c3O JOS\u00c9<br \/><strong>Hor\u00e1rio de Atendimento:<\/strong>\u00a0\u00a024HS<br \/><strong>Fone:<\/strong> 67 3669-0075<\/p>\r\n<\/div><\/div>\r\n\r\n\r\n\r\n<div class=\"wp-block-group\"><div class=\"wp-block-group__inner-container is-layout-flow wp-block-group-is-layout-flow\">\r\n<h2 class=\"wp-block-heading\"><strong>\u2022 SIC \u2013 SERVI\u00c7O DE INFORMA\u00c7\u00c3O AO CIDAD\u00c3O<\/strong><\/h2>\r\n\r\n\r\n\r\n<p><strong>Endere\u00e7o:\u00a0<\/strong>AV. JUCA PINHE 333 (CONTROLADORIA) \u2013 JARDIM SANTA MONICA<br \/><strong>Hor\u00e1rio de Atendimento:\u00a0<\/strong>\u00a007:00 \u00c0S 13:00<br \/><strong>Fone:<\/strong>\u00a067 3669-0013\/67 3669-0000, RAMAL 230<\/p>\r\n<\/div><\/div>\r\n\r\n\r\n\r\n<div class=\"wp-block-group\"><div class=\"wp-block-group__inner-container is-layout-flow wp-block-group-is-layout-flow\">\r\n<h2 class=\"wp-block-heading\"><strong>\u2022 OUVIDORIA GERAL DO MUNIC\u00cdPIO \u2013 OGM<\/strong><\/h2>\r\n\r\n\r\n\r\n<p><strong>Endere\u00e7o:<\/strong>\u00a0AV. JUCA PINH\u00c9 333 \u2013 JARDIM SANTA M\u00d4NICA<br \/><strong>Hor\u00e1rio de Atendimento:<\/strong>\u00a0\u00a007:00 AS 13:00<br \/><strong>Fone:<\/strong> 67 3669-0097<br \/><strong>E-mail:\u00a0<\/strong><a href=\"mailto:ouvidoria@paranaiba.ms.gov.br\">ouvidoria@paranaiba.ms.gov.br<\/a><\/p>\r\n<\/div><\/div>\r\n\r\n\r\n\r\n<div class=\"wp-block-group\"><div class=\"wp-block-group__inner-container is-layout-flow wp-block-group-is-layout-flow\">\r\n<h2 class=\"wp-block-heading\"><strong>\u2022 COMPRAS<\/strong><\/h2>\r\n\r\n\r\n\r\n<p><strong>Endere\u00e7o:\u00a0 <\/strong>AV. JUCA PINH\u00c9 333 \u2013 JARDIM SANTA M\u00d4NICA \u2013 PARANA\u00cdBA \u2013 79.500-000<br \/><strong>Hor\u00e1rio de Atendimento:\u00a0 <\/strong>07:00 AS 13:00<br \/><strong>Fone:<\/strong>\u00a0 67 3669-0016<br \/><strong>E-mail:<\/strong>\u00a0<a href=\"mailto:compras.pref@hotmail.com\">compras.pref@hotmail.com<\/a><\/p>\r\n<\/div><\/div>\r\n\r\n\r\n\r\n<div class=\"wp-block-group\"><div class=\"wp-block-group__inner-container is-layout-flow wp-block-group-is-layout-flow\">\r\n<h2 class=\"wp-block-heading\"><strong>\u2022 LICITA\u00c7\u00d5ES<\/strong><\/h2>\r\n\r\n\r\n\r\n<p><strong>Endere\u00e7o: <\/strong>AV. JUCA PINH\u00c9 333 \u2013 JARDIM SANTA M\u00d4NICA \u2013 PARANA\u00cdBA \u2013 MS \u2013 79500000<br \/><strong>Hor\u00e1rio de Atendimento:\u00a0 <\/strong>07:00 AS 13:00<br \/><strong>Fone: <\/strong>67 3669-0005<br \/><strong>E-mail:<\/strong>\u00a0<a href=\"mailto:licitapref@hotmail.com\">licitapref@hotmail.com<\/a><\/p>\r\n<\/div><\/div>\r\n<\/div>","protected":false},"excerpt":{"rendered":"<p>\u2022\u00a0PA\u00c7O MUNICIPAL Hor\u00e1rio de Atendimento:\u00a007 \u00e0s 12hTelefone:\u00a0(67) 3669-0000Endere\u00e7o:\u00a0Av. Juca Pinh\u00e9, n\u00ba 333 \u2013 Jardim Santa M\u00f4nica \u2022 GABINETE Endere\u00e7o:\u00a0AV. JUCA PINH\u00c9 333 \u2013 JARDIM SANTA M\u00d4NICA Hor\u00e1rio de Atendimento:\u00a0\u00a007:00 AS 13:00 Fone:\u00a067 3669-0000\u00a0 \/\u00a0 67 3669-0001 E-mail:\u00a0gabinete@paranaiba.ms.gov.br \u2022 SECRETARIA MUNICIPAL DE FINAN\u00c7AS E PLANEJAMENTO Endere\u00e7o:\u00a0AV. JUCA PINH\u00c9 333 \u2013 JARDIM SANTA M\u00d4NICA\u00a0Hor\u00e1rio de Atendimento:\u00a0\u00a007:00 AS&#8230;<\/p>\n","protected":false},"author":1,"featured_media":0,"parent":0,"menu_order":0,"comment_status":"closed","ping_status":"closed","template":"","meta":{"inline_featured_image":false,"footnotes":""},"class_list":["post-21","page","type-page","status-publish","hentry"],"acf":[],"yoast_head":"<!-- This site is optimized with the Yoast SEO plugin v24.0 - https:\/\/yoast.com\/wordpress\/plugins\/seo\/ -->\n<title>Contatos - Prefeitura Municipal de Parana\u00edba-MS<\/title>\n<meta name=\"robots\" content=\"index, follow, max-snippet:-1, max-image-preview:large, max-video-preview:-1\" \/>\n<link rel=\"canonical\" href=\"https:\/\/www.paranaiba.ms.gov.br\/portal\/contatos\/\" \/>\n<meta name=\"twitter:label1\" content=\"Est. tempo de leitura\" \/>\n\t<meta name=\"twitter:data1\" content=\"3 minutos\" \/>\n<script type=\"application\/ld+json\" class=\"yoast-schema-graph\">{\"@context\":\"https:\/\/schema.org\",\"@graph\":[{\"@type\":\"WebPage\",\"@id\":\"https:\/\/www.paranaiba.ms.gov.br\/portal\/contatos\/\",\"url\":\"https:\/\/www.paranaiba.ms.gov.br\/portal\/contatos\/\",\"name\":\"Contatos - Prefeitura Municipal de Parana\u00edba-MS\",\"isPartOf\":{\"@id\":\"https:\/\/www.paranaiba.ms.gov.br\/portal\/#website\"},\"datePublished\":\"2022-05-19T21:17:51+00:00\",\"dateModified\":\"2023-12-05T23:36:38+00:00\",\"breadcrumb\":{\"@id\":\"https:\/\/www.paranaiba.ms.gov.br\/portal\/contatos\/#breadcrumb\"},\"inLanguage\":\"pt-BR\",\"potentialAction\":[{\"@type\":\"ReadAction\",\"target\":[\"https:\/\/www.paranaiba.ms.gov.br\/portal\/contatos\/\"]}]},{\"@type\":\"BreadcrumbList\",\"@id\":\"https:\/\/www.paranaiba.ms.gov.br\/portal\/contatos\/#breadcrumb\",\"itemListElement\":[{\"@type\":\"ListItem\",\"position\":1,\"name\":\"In\u00edcio\",\"item\":\"https:\/\/www.paranaiba.ms.gov.br\/portal\/\"},{\"@type\":\"ListItem\",\"position\":2,\"name\":\"Contatos\"}]},{\"@type\":\"WebSite\",\"@id\":\"https:\/\/www.paranaiba.ms.gov.br\/portal\/#website\",\"url\":\"https:\/\/www.paranaiba.ms.gov.br\/portal\/\",\"name\":\"Prefeitura Municipal de Parana\u00edba-MS\",\"description\":\"Prefeitura Municipal de Parana\u00edba-MS\",\"publisher\":{\"@id\":\"https:\/\/www.paranaiba.ms.gov.br\/portal\/#organization\"},\"potentialAction\":[{\"@type\":\"SearchAction\",\"target\":{\"@type\":\"EntryPoint\",\"urlTemplate\":\"https:\/\/www.paranaiba.ms.gov.br\/portal\/?s={search_term_string}\"},\"query-input\":{\"@type\":\"PropertyValueSpecification\",\"valueRequired\":true,\"valueName\":\"search_term_string\"}}],\"inLanguage\":\"pt-BR\"},{\"@type\":\"Organization\",\"@id\":\"https:\/\/www.paranaiba.ms.gov.br\/portal\/#organization\",\"name\":\"Prefeitura Municipal de Parana\u00edba-MS\",\"url\":\"https:\/\/www.paranaiba.ms.gov.br\/portal\/\",\"logo\":{\"@type\":\"ImageObject\",\"inLanguage\":\"pt-BR\",\"@id\":\"https:\/\/www.paranaiba.ms.gov.br\/portal\/#\/schema\/logo\/image\/\",\"url\":\"https:\/\/www.paranaiba.ms.gov.br\/portal\/wp-content\/uploads\/2022\/11\/logo-rodape02.webp\",\"contentUrl\":\"https:\/\/www.paranaiba.ms.gov.br\/portal\/wp-content\/uploads\/2022\/11\/logo-rodape02.webp\",\"width\":556,\"height\":492,\"caption\":\"Prefeitura Municipal de Parana\u00edba-MS\"},\"image\":{\"@id\":\"https:\/\/www.paranaiba.ms.gov.br\/portal\/#\/schema\/logo\/image\/\"}}]}<\/script>\n<!-- \/ Yoast SEO plugin. -->","yoast_head_json":{"title":"Contatos - Prefeitura Municipal de Parana\u00edba-MS","robots":{"index":"index","follow":"follow","max-snippet":"max-snippet:-1","max-image-preview":"max-image-preview:large","max-video-preview":"max-video-preview:-1"},"canonical":"https:\/\/www.paranaiba.ms.gov.br\/portal\/contatos\/","twitter_misc":{"Est. tempo de leitura":"3 minutos"},"schema":{"@context":"https:\/\/schema.org","@graph":[{"@type":"WebPage","@id":"https:\/\/www.paranaiba.ms.gov.br\/portal\/contatos\/","url":"https:\/\/www.paranaiba.ms.gov.br\/portal\/contatos\/","name":"Contatos - Prefeitura Municipal de Parana\u00edba-MS","isPartOf":{"@id":"https:\/\/www.paranaiba.ms.gov.br\/portal\/#website"},"datePublished":"2022-05-19T21:17:51+00:00","dateModified":"2023-12-05T23:36:38+00:00","breadcrumb":{"@id":"https:\/\/www.paranaiba.ms.gov.br\/portal\/contatos\/#breadcrumb"},"inLanguage":"pt-BR","potentialAction":[{"@type":"ReadAction","target":["https:\/\/www.paranaiba.ms.gov.br\/portal\/contatos\/"]}]},{"@type":"BreadcrumbList","@id":"https:\/\/www.paranaiba.ms.gov.br\/portal\/contatos\/#breadcrumb","itemListElement":[{"@type":"ListItem","position":1,"name":"In\u00edcio","item":"https:\/\/www.paranaiba.ms.gov.br\/portal\/"},{"@type":"ListItem","position":2,"name":"Contatos"}]},{"@type":"WebSite","@id":"https:\/\/www.paranaiba.ms.gov.br\/portal\/#website","url":"https:\/\/www.paranaiba.ms.gov.br\/portal\/","name":"Prefeitura Municipal de Parana\u00edba-MS","description":"Prefeitura Municipal de Parana\u00edba-MS","publisher":{"@id":"https:\/\/www.paranaiba.ms.gov.br\/portal\/#organization"},"potentialAction":[{"@type":"SearchAction","target":{"@type":"EntryPoint","urlTemplate":"https:\/\/www.paranaiba.ms.gov.br\/portal\/?s={search_term_string}"},"query-input":{"@type":"PropertyValueSpecification","valueRequired":true,"valueName":"search_term_string"}}],"inLanguage":"pt-BR"},{"@type":"Organization","@id":"https:\/\/www.paranaiba.ms.gov.br\/portal\/#organization","name":"Prefeitura Municipal de Parana\u00edba-MS","url":"https:\/\/www.paranaiba.ms.gov.br\/portal\/","logo":{"@type":"ImageObject","inLanguage":"pt-BR","@id":"https:\/\/www.paranaiba.ms.gov.br\/portal\/#\/schema\/logo\/image\/","url":"https:\/\/www.paranaiba.ms.gov.br\/portal\/wp-content\/uploads\/2022\/11\/logo-rodape02.webp","contentUrl":"https:\/\/www.paranaiba.ms.gov.br\/portal\/wp-content\/uploads\/2022\/11\/logo-rodape02.webp","width":556,"height":492,"caption":"Prefeitura Municipal de Parana\u00edba-MS"},"image":{"@id":"https:\/\/www.paranaiba.ms.gov.br\/portal\/#\/schema\/logo\/image\/"}}]}},"_links":{"self":[{"href":"https:\/\/www.paranaiba.ms.gov.br\/portal\/wp-json\/wp\/v2\/pages\/21","targetHints":{"allow":["GET"]}}],"collection":[{"href":"https:\/\/www.paranaiba.ms.gov.br\/portal\/wp-json\/wp\/v2\/pages"}],"about":[{"href":"https:\/\/www.paranaiba.ms.gov.br\/portal\/wp-json\/wp\/v2\/types\/page"}],"author":[{"embeddable":true,"href":"https:\/\/www.paranaiba.ms.gov.br\/portal\/wp-json\/wp\/v2\/users\/1"}],"replies":[{"embeddable":true,"href":"https:\/\/www.paranaiba.ms.gov.br\/portal\/wp-json\/wp\/v2\/comments?post=21"}],"version-history":[{"count":50,"href":"https:\/\/www.paranaiba.ms.gov.br\/portal\/wp-json\/wp\/v2\/pages\/21\/revisions"}],"predecessor-version":[{"id":1133,"href":"https:\/\/www.paranaiba.ms.gov.br\/portal\/wp-json\/wp\/v2\/pages\/21\/revisions\/1133"}],"wp:attachment":[{"href":"https:\/\/www.paranaiba.ms.gov.br\/portal\/wp-json\/wp\/v2\/media?parent=21"}],"curies":[{"name":"wp","href":"https:\/\/api.w.org\/{rel}","templated":true}]}}