{"id":2305,"date":"2022-12-08T07:44:55","date_gmt":"2022-12-08T10:44:55","guid":{"rendered":"https:\/\/www.paranaiba.ms.gov.br\/portal\/?page_id=2305"},"modified":"2026-04-07T19:29:22","modified_gmt":"2026-04-07T22:29:22","slug":"extratos-de-convenios","status":"publish","type":"page","link":"https:\/\/www.paranaiba.ms.gov.br\/portal\/extratos-de-convenios\/","title":{"rendered":"Extratos de Conv\u00eanios"},"content":{"rendered":"<p>&nbsp;<\/p>\n<p>&nbsp;<\/p>\n<p>&nbsp;<\/p>\n<hr \/>\n<p><strong>\u00a0\u2022 2026<\/strong><\/p>\n<hr \/>\n<p>&nbsp;<\/p>\n<p><b>ABRIL<\/b><\/p>\n<p><a href=\"https:\/\/www.paranaiba.ms.gov.br\/portal\/wp-content\/uploads\/2026\/04\/Extrato-do-Termo-de-Contribuicao-0009.2026.pdf\" target=\"_blank\" rel=\"noopener\">Extrato do Termo de Contribui\u00e7\u00e3o 0009-2026 &#8211; ASSOCIA\u00c7\u00c3O DE PAIS E MESTRES DO CEINF FRANCISCA FERREIRA DA SILVA \u2013 DONA CHIQUINHA<\/a><\/p>\n<p><a href=\"https:\/\/www.paranaiba.ms.gov.br\/portal\/wp-content\/uploads\/2026\/04\/Extrato-do-Termo-de-Contribuicao-00010.2026.pdf\" target=\"_blank\" rel=\"noopener\">Extrato do Termo de Contribui\u00e7\u00e3o 00010-2026 &#8211; ASSOCIA\u00c7\u00c3O DOS UNIVERSIT\u00c1RIOS DE PARANA\u00cdBA-MS E FERNAND\u00d3POLIS-SP<\/a><\/p>\n<p><a href=\"https:\/\/www.paranaiba.ms.gov.br\/portal\/wp-content\/uploads\/2026\/04\/Extrato-do-Termo-de-Contribuicao-00011.2026.pdf\" target=\"_blank\" rel=\"noopener\">Extrato do Termo de Contribui\u00e7\u00e3o 00011-2026 &#8211; ASSOCIA\u00c7\u00c3O DE PAIS E MESTRES DA ESCOLA MUNICIPAL JO\u00c3O CHAVES DOS SANTOS<\/a><\/p>\n<p>&nbsp;<\/p>\n<p>&nbsp;<\/p>\n<p><b>MAR\u00c7O<\/b><\/p>\n<p><a href=\"https:\/\/www.paranaiba.ms.gov.br\/portal\/wp-content\/uploads\/2026\/03\/Extrato-Dispensa-TC-06.2026.pdf\" target=\"_blank\" rel=\"noopener\">Extrato Dispensa TC 06-2026<\/a><\/p>\n<p><a href=\"https:\/\/www.paranaiba.ms.gov.br\/portal\/wp-content\/uploads\/2026\/03\/Extrato-Dispensa-TC-07.2026.pdf\" target=\"_blank\" rel=\"noopener\">Extrato Dispensa TC 07-2026<\/a><\/p>\n<p><a href=\"https:\/\/www.paranaiba.ms.gov.br\/portal\/wp-content\/uploads\/2026\/03\/Extrato-Dispensa-TC-08.2026.pdf\" target=\"_blank\" rel=\"noopener\">Extrato Dispensa TC 08-2026<\/a><\/p>\n<p><a href=\"https:\/\/www.paranaiba.ms.gov.br\/portal\/wp-content\/uploads\/2026\/03\/Extrato-Termo-de-Contribuicao-0001.2026.pdf\" target=\"_blank\" rel=\"noopener\">Extrato Termo de Contribui\u00e7\u00e3o 0001-2026<\/a><\/p>\n<p><a href=\"https:\/\/www.paranaiba.ms.gov.br\/portal\/wp-content\/uploads\/2026\/03\/Extrato-Termo-de-Contribuicao-0002.2026.pdf\" target=\"_blank\" rel=\"noopener\">Extrato Termo de Contribui\u00e7\u00e3o 0002-2026<\/a><\/p>\n<p><a href=\"https:\/\/www.paranaiba.ms.gov.br\/portal\/wp-content\/uploads\/2026\/03\/Extrato-Termo-de-Contribuicao-0003.2026.pdf\" target=\"_blank\" rel=\"noopener\">Extrato Termo de Contribui\u00e7\u00e3o 0003-2026<\/a><\/p>\n<p><a href=\"https:\/\/www.paranaiba.ms.gov.br\/portal\/wp-content\/uploads\/2026\/03\/Extrato-Termo-de-Contribuicao-0004.2026.pdf\" target=\"_blank\" rel=\"noopener\">Extrato Termo de Contribui\u00e7\u00e3o 0004-2026<\/a><\/p>\n<p><a href=\"https:\/\/www.paranaiba.ms.gov.br\/portal\/wp-content\/uploads\/2026\/03\/Extrato-Termo-de-Contribuicao-0005.2026.pdf\" target=\"_blank\" rel=\"noopener\">Extrato Termo de Contribui\u00e7\u00e3o 0005-2026<\/a><\/p>\n<p><a href=\"https:\/\/www.paranaiba.ms.gov.br\/portal\/wp-content\/uploads\/2026\/03\/Extrato-Termo-de-Contribuicao-0006.2026.pdf\" target=\"_blank\" rel=\"noopener\">Extrato Termo de Contribui\u00e7\u00e3o 0006-2026<\/a><\/p>\n<p><a href=\"https:\/\/www.paranaiba.ms.gov.br\/portal\/wp-content\/uploads\/2026\/03\/Extrato-Termo-de-Contribuicao-0007.2026.pdf\" target=\"_blank\" rel=\"noopener\">Extrato Termo de Contribui\u00e7\u00e3o 0007-2026<\/a><\/p>\n<p><a href=\"https:\/\/www.paranaiba.ms.gov.br\/portal\/wp-content\/uploads\/2026\/03\/Extrato-Termo-de-Contribuicao-0008.2026.pdf\" target=\"_blank\" rel=\"noopener\">Extrato Termo de Contribui\u00e7\u00e3o 0008-2026<\/a><\/p>\n<p>&nbsp;<\/p>\n<p>&nbsp;<\/p>\n<p><a href=\"https:\/\/www.paranaiba.ms.gov.br\/portal\/wp-content\/uploads\/2026\/03\/Extrato-Termo-de-Contribuicao-09-2026-APAE-Leao-Amigo.pdf\" target=\"_blank\" rel=\"noopener\">Extrato Termo de Colabora\u00e7\u00e3o 09-2026 &#8211; APAE (Le\u00e3o Amigo)<\/a><\/p>\n<p><a href=\"https:\/\/www.paranaiba.ms.gov.br\/portal\/wp-content\/uploads\/2026\/03\/Extrato-Termo-de-Contribuicao-10-2026-Irma-Emiliana-Leao-Amigo.pdf\" target=\"_blank\" rel=\"noopener\">Extrato Termo de Colabora\u00e7\u00e3o 10-2026 &#8211; Irm\u00e3 Emiliana (Le\u00e3o Amigo)<\/a><\/p>\n<p><a href=\"https:\/\/www.paranaiba.ms.gov.br\/portal\/wp-content\/uploads\/2026\/03\/Extrato-Termo-de-Contribuicao-11-2026-Lar-do-Idoso-Leao-Amigo.pdf\" target=\"_blank\" rel=\"noopener\">Extrato Termo de Colabora\u00e7\u00e3o 11-2026 &#8211; Lar do Idoso (Le\u00e3o Amigo)<\/a><\/p>\n<p>&nbsp;<\/p>\n<p><b>FEVEREIRO<\/b><\/p>\n<p><a href=\"https:\/\/www.paranaiba.ms.gov.br\/portal\/wp-content\/uploads\/2026\/02\/Extrato-Dispensa-01-2026-Obras-Sociais-Jesus-Consolador.pdf\" target=\"_blank\" rel=\"noopener\">Extrato Dispensa 01-2026 &#8211; Obras Sociais Jesus Consolador<\/a><br \/>\n<a href=\"https:\/\/www.paranaiba.ms.gov.br\/portal\/wp-content\/uploads\/2026\/02\/Extrato-Dispensa-02-2026-Obras-Sociais-Jesus-Consolador.pdf\" target=\"_blank\" rel=\"noopener\">Extrato Dispensa 02-2026 &#8211; Obras Sociais Jesus Consolador<\/a><br \/>\n<a href=\"https:\/\/www.paranaiba.ms.gov.br\/portal\/wp-content\/uploads\/2026\/02\/Extrato-Dispensa-03-2026-Associacao-Joanna-de-Angelis.pdf\" target=\"_blank\" rel=\"noopener\">Extrato Dispensa 03-2026 &#8211; Associa\u00e7\u00e3o Joanna de Angelis<\/a><br \/>\n<a href=\"https:\/\/www.paranaiba.ms.gov.br\/portal\/wp-content\/uploads\/2026\/02\/Extrato-Dispensa-04-2026-Associacao-de-Pais-e-Amigos-dos-Excepcionais.pdf\" target=\"_blank\" rel=\"noopener\">Extrato Dispensa 04-2026 &#8211; APAE &#8211; Associa\u00e7\u00e3o de Pais e Amigos dos Excepcionais<\/a><br \/>\n<a href=\"https:\/\/www.paranaiba.ms.gov.br\/portal\/wp-content\/uploads\/2026\/02\/Extrato-Dispensa-05-2026-Obra-Social-SantAna.pdf\" target=\"_blank\" rel=\"noopener\">Extrato Dispensa 05-2026 &#8211; Obra Social Sant&#8217;Ana (Lar do Idoso)<\/a><\/p>\n<p>&nbsp;<\/p>\n<p><b>JANEIRO<\/b><\/p>\n<p><a href=\"https:\/\/www.paranaiba.ms.gov.br\/portal\/wp-content\/uploads\/2026\/01\/Extrato-Dispensa-Hospital-Psiquiatrico-Adolfo-Bezerra-de-Menezes.pdf\" target=\"_blank\" rel=\"noopener\">Extrato Dispensa 01\/2026 &#8211; Hospital Psiqui\u00e1trico Adolfo Bezerra de Menezes<\/a><\/p>\n<p>&nbsp;<\/p>\n<p>&nbsp;<\/p>\n<hr \/>\n<p><strong>\u00a0\u2022 2025<\/strong><\/p>\n<hr \/>\n<p>&nbsp;<\/p>\n<p><b>OUTUBRO<\/b><\/p>\n<p><a href=\"https:\/\/www.paranaiba.ms.gov.br\/portal\/wp-content\/uploads\/2025\/10\/Extrato-dispensa-no-009-Santa-Casa.pdf\" target=\"_blank\" rel=\"noopener\">Extrato dispensa n\u00ba 009 &#8211; Santa Casa<\/a><\/p>\n<p><a href=\"https:\/\/www.paranaiba.ms.gov.br\/portal\/wp-content\/uploads\/2025\/10\/Extrato-dispensa-no-010-Santa-Casa.pdf\" target=\"_blank\" rel=\"noopener\">Extrato dispensa n\u00ba 010 &#8211; Santa Casa<\/a><\/p>\n<p><a href=\"https:\/\/www.paranaiba.ms.gov.br\/portal\/wp-content\/uploads\/2025\/10\/Extrato-dispensa-no-011-Santa-Casa.pdf\" target=\"_blank\" rel=\"noopener\">Extrato dispensa n\u00ba 011 &#8211; Santa Casa<\/a><\/p>\n<p><a href=\"https:\/\/www.paranaiba.ms.gov.br\/portal\/wp-content\/uploads\/2025\/10\/Extrato-dispensa-no-012-Santa-Casa.pdf\" target=\"_blank\" rel=\"noopener\">Extrato dispensa n\u00ba 012 &#8211; Santa Casa<\/a><\/p>\n<p><a href=\"https:\/\/www.paranaiba.ms.gov.br\/portal\/wp-content\/uploads\/2025\/10\/Extrato-dispensa-no-013-Santa-Casa.pdf\" target=\"_blank\" rel=\"noopener\">Extrato dispensa n\u00ba 013 &#8211; Santa Casa<\/a><\/p>\n<p>&nbsp;<\/p>\n<p>&nbsp;<\/p>\n<p><b>SETEMBRO<\/b><\/p>\n<p><a href=\"https:\/\/www.paranaiba.ms.gov.br\/portal\/wp-content\/uploads\/2025\/10\/Extrato-Dispensa-45-2025-Associacao-de-Assistencia-e-Promocao-Social-Lourdes-Moraes-Paiva.pdf\" target=\"_blank\" rel=\"noopener\">Extrato Dispensa n\u00ba 45-2025 &#8211; Associa\u00e7\u00e3o de Assist\u00eancia e Promo\u00e7\u00e3o Social Lourdes Moraes Paiva<\/a><\/p>\n<p><a href=\"https:\/\/www.paranaiba.ms.gov.br\/portal\/wp-content\/uploads\/2025\/10\/Extrato-Dispensa-46-2025-Associacao-de-Assistencia-e-Promocao-Social-Lourdes-Moraes-Paiva.pdf\" target=\"_blank\" rel=\"noopener\">Extrato Dispensa n\u00ba 46-2025 &#8211; Associa\u00e7\u00e3o de Assist\u00eancia e Promo\u00e7\u00e3o Social Lourdes Moraes Paiva<\/a><\/p>\n<p><a href=\"https:\/\/www.paranaiba.ms.gov.br\/portal\/wp-content\/uploads\/2025\/10\/Extrato-Dispensa-44-2025-Associacao-de-Assistencia-e-Promocao-Social-Lourdes-Moraes-Paiva.pdf\" target=\"_blank\" rel=\"noopener\">Extrato Dispensa n\u00ba 44-2025 &#8211; Associa\u00e7\u00e3o de Assist\u00eancia e Promo\u00e7\u00e3o Social Lourdes Moraes Paiva<\/a><\/p>\n<p><a href=\"https:\/\/www.paranaiba.ms.gov.br\/portal\/wp-content\/uploads\/2025\/10\/Extrato-Dispensa-47-2025-APAE.pdf\" target=\"_blank\" rel=\"noopener\">Extrato Dispensa n\u00ba 47-2025 &#8211; APAE<\/a><\/p>\n<p>&nbsp;<\/p>\n<p>&nbsp;<\/p>\n<p><b>AGOSTO<\/b><\/p>\n<p><a href=\"https:\/\/www.paranaiba.ms.gov.br\/portal\/wp-content\/uploads\/2025\/08\/Extrato-dispensa-no40.2025-Jesus-Consolador.pdf\" target=\"_blank\" rel=\"noopener\">Extrato dispensa n\u00ba40.2025 &#8211; Obras Sociais Jesus Consolador<\/a><\/p>\n<p><a href=\"https:\/\/www.paranaiba.ms.gov.br\/portal\/wp-content\/uploads\/2025\/08\/Extrato-dispensa-no36.2025-Joanna-de-Angelis.pdf\" target=\"_blank\" rel=\"noopener\">Extrato dispensa n\u00ba36.2025 &#8211; Associa\u00e7\u00e3o Joanna de Angelis<\/a><\/p>\n<p><a href=\"https:\/\/www.paranaiba.ms.gov.br\/portal\/wp-content\/uploads\/2025\/08\/Extrato-dispensa-no37.2025-APAE.pdf\" target=\"_blank\" rel=\"noopener\">Extrato dispensa n\u00ba37.2025 &#8211; APAE<\/a><\/p>\n<p><a href=\"https:\/\/www.paranaiba.ms.gov.br\/portal\/wp-content\/uploads\/2025\/08\/Extrato-dispensa-no38.2025-O.Soc_.-Santana.pdf\" target=\"_blank\" rel=\"noopener\">Extrato dispensa n\u00ba38.2025 &#8211; Obra Social Sant\u2019Ana (Lar de Idosos Santo Agostinho)<\/a><\/p>\n<p><a href=\"https:\/\/www.paranaiba.ms.gov.br\/portal\/wp-content\/uploads\/2025\/08\/Extrato-dispensa-no39.2025-Irma-Emiliana.pdf\" target=\"_blank\" rel=\"noopener\">Extrato dispensa n\u00ba39.2025 &#8211; Inst. de Des. Humano, Social, Econ. e Cultural Irm\u00e3s Emiliana<\/a><\/p>\n<p>&nbsp;<\/p>\n<p>&nbsp;<\/p>\n<p><b>JUNHO<\/b><\/p>\n<p><a href=\"https:\/\/www.paranaiba.ms.gov.br\/portal\/wp-content\/uploads\/2025\/06\/Extrato-dispensa-no35-2025-Associacao-Joanna-de-Angelis-emenda-impositiva-39-2024.pdf\" target=\"_blank\" rel=\"noopener\">Extrato dispensa n\u00ba35-2025 &#8211; Associa\u00e7\u00e3o Joanna de Angelis<\/a><\/p>\n<p><a href=\"https:\/\/www.paranaiba.ms.gov.br\/portal\/wp-content\/uploads\/2025\/06\/Extrato-dispensa-no28-2025-Associacao-de-Assistencia-e-Promocao-Social-Lourdes-Moraes-Paiva-Emenda-Impositiva-10-2024.pdf\" target=\"_blank\" rel=\"noopener\">Extrato dispensa n\u00ba28-2025 &#8211; Associa\u00e7\u00e3o de Assist. e Promo\u00e7\u00e3o Social Lourdes Moraes Paiva<\/a><\/p>\n<p><a href=\"https:\/\/www.paranaiba.ms.gov.br\/portal\/wp-content\/uploads\/2025\/06\/Extrato-dispensa-no29-2025-Obra-Social-Jesus-Consolador-emenda-impositiva-034-2024.pdf\" target=\"_blank\" rel=\"noopener\">Extrato dispensa n\u00ba29-2025 &#8211; Obra Social Jesus Consolador<\/a><\/p>\n<p><a href=\"https:\/\/www.paranaiba.ms.gov.br\/portal\/wp-content\/uploads\/2025\/06\/Extrato-dispensa-no30-2025-Obra-Social-Jesus-Consolador-emenda-impositiva-035-2024.pdf\" target=\"_blank\" rel=\"noopener\">Extrato dispensa n\u00ba30-2025 &#8211; Obra Social Jesus Consolador<\/a><\/p>\n<p><a href=\"https:\/\/www.paranaiba.ms.gov.br\/portal\/wp-content\/uploads\/2025\/06\/Extrato-dispensa-no31-2025-Obra-Social-Jesus-Consolador-emenda-impositiva-037-2024.pdf\" target=\"_blank\" rel=\"noopener\">Extrato dispensa n\u00ba31-2025 &#8211; Obra Social Jesus Consolador<\/a><\/p>\n<p><a href=\"https:\/\/www.paranaiba.ms.gov.br\/portal\/wp-content\/uploads\/2025\/06\/Extrato-dispensa-no32-2025-Obra-Social-Jesus-Consolador-emenda-impositiva-036-2024.pdf\" target=\"_blank\" rel=\"noopener\">Extrato dispensa n\u00ba32-2025 &#8211; Obra Social Jesus Consolador<\/a><\/p>\n<p><a href=\"https:\/\/www.paranaiba.ms.gov.br\/portal\/wp-content\/uploads\/2025\/06\/Extrato-dispensa-no33-2025-Obra-Social-Santana-emenda-impositiva-41-2024.pdf\" target=\"_blank\" rel=\"noopener\">Extrato dispensa n\u00ba33-2025 &#8211; Obra Social Santana<\/a><\/p>\n<p><a href=\"https:\/\/www.paranaiba.ms.gov.br\/portal\/wp-content\/uploads\/2025\/06\/Extrato-dispensa-no34-2025-Obra-Social-Santana-emenda-impositiva-43-2024.pdf\" target=\"_blank\" rel=\"noopener\">Extrato dispensa n\u00ba34-2025 &#8211; Obra Social Santana<\/a><\/p>\n<p>&nbsp;<\/p>\n<p><b>MAIO<\/b><\/p>\n<p><a href=\"https:\/\/www.paranaiba.ms.gov.br\/portal\/wp-content\/uploads\/2025\/05\/Extrato-dispensa-no27-2025-Joanna-de-Angelis-emenda-impositva-038-2024.pdf\" target=\"_blank\" rel=\"noopener\">Extrato dispensa n\u00ba 27 &#8211; 2025 &#8211;\u00a0 Joanna de Angelis<\/a><\/p>\n<p><a href=\"https:\/\/www.paranaiba.ms.gov.br\/portal\/wp-content\/uploads\/2025\/05\/Extrato-dispensa-no26-2025-Obra-Social-Jesus-Consolador-emenda-impositiva-033-2024.pdf\" target=\"_blank\" rel=\"noopener\">Extrato dispensa n\u00ba 26 &#8211; 2025 &#8211; Obra Social Jesus Consolador<\/a><\/p>\n<p><a href=\"https:\/\/www.paranaiba.ms.gov.br\/portal\/wp-content\/uploads\/2025\/05\/Extrato-dispensa-no25-2025-Obras-Social-Santana-emenda-impositiva-040-2024.pdf\" target=\"_blank\" rel=\"noopener\">Extrato dispensa n\u00ba 25\u00a0 &#8211; 2025 &#8211; Obras Social Santana<\/a><\/p>\n<p><a href=\"https:\/\/www.paranaiba.ms.gov.br\/portal\/wp-content\/uploads\/2025\/05\/Extrato-dispensa-no24-2025-Instituto-de-Desenvolvimento-Humano-Social-Economico-e-Cultural-Irma-Emiliana-emenda-impositiva-026-2024.pdf\" target=\"_blank\" rel=\"noopener\">Extrato dispensa n\u00ba 24 &#8211; 2025 &#8211; Inst. de Des. Humano, Social, Econ. e Cultural Irm\u00e3 Emiliana<\/a><\/p>\n<p><a href=\"https:\/\/www.paranaiba.ms.gov.br\/portal\/wp-content\/uploads\/2025\/05\/Extrato-dispensa-no23-2025-Instituto-de-Desenvolvimento-Humano-Social-Economico-e-Cultural-Irma-Emiliana-emenda-impositiva-027-2024.pdf\" target=\"_blank\" rel=\"noopener\">Extrato dispensa n\u00ba 23 &#8211; 2025 &#8211; Inst. de Des. Humano, Social, Econ. e Cultural Irm\u00e3 Emiliana<\/a><\/p>\n<p><a href=\"https:\/\/www.paranaiba.ms.gov.br\/portal\/wp-content\/uploads\/2025\/05\/Extrato-dispensa-no22-2025-Instituto-de-Desenvolvimento-Humano-Social-Economico-e-Cultural-Irma-Emiliana-emenda-impositiva-028-2024.pdf\" target=\"_blank\" rel=\"noopener\">Extrato dispensa n\u00ba 22 &#8211; 2025 &#8211; Inst. de Des. Humano, Social, Econ. e Cultural Irm\u00e3 Emiliana<\/a><\/p>\n<p><a href=\"https:\/\/www.paranaiba.ms.gov.br\/portal\/wp-content\/uploads\/2025\/05\/Extrato-dispensa-no21-2025-Instituto-de-Desenvolvimento-Humano-Social-Economico-e-Cultural-Irma-Emiliana-emenda-impositiva-029-2024.pdf\" target=\"_blank\" rel=\"noopener\">Extrato dispensa n\u00ba 21 &#8211; 2025 &#8211; Inst. de Des. Humano, Social, Econ. e Cultural Irm\u00e3 Emiliana<\/a><\/p>\n<p><a href=\"https:\/\/www.paranaiba.ms.gov.br\/portal\/wp-content\/uploads\/2025\/05\/Extrato-dispensa-no20-2025-Instituto-de-Desenvolvimento-Humano-Social-Economico-e-Cultural-Irma-Emiliana-emenda-impositiva-030-2024.pdf\" target=\"_blank\" rel=\"noopener\">Extrato dispensa n\u00ba 20 -2025 &#8211; Inst. de Des. Humano, Social, Econ. e Cultural Irm\u00e3 Emiliana<\/a><\/p>\n<p><a href=\"https:\/\/www.paranaiba.ms.gov.br\/portal\/wp-content\/uploads\/2025\/05\/Extrato-dispensa-no19-2025-Instituto-de-Desenvolvimento-Humano-Social-Economico-e-Cultural-Irma-Emiliana-emenda-impositiva-031-2024.pdf\" target=\"_blank\" rel=\"noopener\">Extrato dispensa n\u00ba 19 &#8211; 2025 &#8211; Inst. de Des. Humano, Social, Econ. e Cultural Irm\u00e3 Emiliana<\/a><\/p>\n<p><a href=\"https:\/\/www.paranaiba.ms.gov.br\/portal\/wp-content\/uploads\/2025\/05\/Extrato-dispensa-no18-2025-Instituto-de-Desenvolvimento-Humano-Social-Economico-e-Cultural-Irma-Emiliana-emenda-impositiva-032-2024.pdf\" target=\"_blank\" rel=\"noopener\">Extrato dispensa n\u00ba 18 &#8211; 2025 &#8211; Inst. de Des. Humano, Social, Econ. e Cultural Irm\u00e3 Emiliana<\/a><\/p>\n<p><a href=\"https:\/\/www.paranaiba.ms.gov.br\/portal\/wp-content\/uploads\/2025\/05\/Extrato-dispensa-no17-2025-APAE-educacao.pdf\" target=\"_blank\" rel=\"noopener\">Extrato dispensa n\u00ba 17 &#8211; 2025 &#8211; APAE &#8211; Educa\u00e7\u00e3o<\/a><\/p>\n<p>&nbsp;<\/p>\n<p><b>ABRIL<\/b><\/p>\n<p><a href=\"https:\/\/www.paranaiba.ms.gov.br\/portal\/wp-content\/uploads\/2025\/05\/Extrato-dispensa-no16-2025-Associacao-de-Assistencia-e-Promocao-Social-Lourdes-Moraes-Paiva-casa-da-crianca.pdf\" target=\"_blank\" rel=\"noopener\">Extrato dispensa n\u00ba 16 &#8211; Assoc. de Assist. e Promo\u00e7\u00e3o Social Lourdes Moraes Paiva &#8211; Casa da Crian\u00e7a<\/a><\/p>\n<p><a href=\"https:\/\/www.paranaiba.ms.gov.br\/portal\/wp-content\/uploads\/2025\/05\/Extrato-dispensa-no15-2025-Instituto-de-Desenvolvimento-Humano-Social-Economico-e-Cultural-Irma-Emiliana-Tereza-Spinelli.pdf\" target=\"_blank\" rel=\"noopener\">Extrato dispensa n\u00ba 15\u00a0 &#8211; Inst. de Des. Humano, Social, Econ. e Cultural Irm\u00e3 Emiliana &#8211; Tereza Spinelli<\/a><\/p>\n<p><a href=\"https:\/\/www.paranaiba.ms.gov.br\/portal\/wp-content\/uploads\/2025\/04\/Extrato-dispensa-no14-Obras-Social-Santana.pdf\" target=\"_blank\" rel=\"noopener\">Extrato dispensa n\u00ba 14 &#8211; Obras Social Santana<\/a><\/p>\n<p><a href=\"https:\/\/www.paranaiba.ms.gov.br\/portal\/wp-content\/uploads\/2025\/04\/Extrato-dispensa-no13-2025-Obras-Social-Santana.pdf\" target=\"_blank\" rel=\"noopener\">Extrato dispensa n\u00ba 13 &#8211; Obras Social Santana<\/a><\/p>\n<p>&nbsp;<\/p>\n<p><b>MAR\u00c7O<\/b><\/p>\n<p><a href=\"https:\/\/www.paranaiba.ms.gov.br\/portal\/wp-content\/uploads\/2025\/03\/Extrato-dispensa-no07-2025-Joanna-de-Angelis.pdf\" target=\"_blank\" rel=\"noopener\">Extrato dispensa n\u00ba07 &#8211; Joanna de Angelis<\/a><\/p>\n<p><a href=\"https:\/\/www.paranaiba.ms.gov.br\/portal\/wp-content\/uploads\/2025\/03\/Extrato-dispensa-no08-2025-Instituto-de-Desenvolvimento-Humano-Social-Economico-e-Cultural-Irma-Emiliana.pdf\" target=\"_blank\" rel=\"noopener\">Extrato dispensa n\u00ba08 &#8211; Inst. de Des. Humano, Social, Econ. e Cultural Irm\u00e3 Emiliana<\/a><\/p>\n<p><a href=\"https:\/\/www.paranaiba.ms.gov.br\/portal\/wp-content\/uploads\/2025\/03\/Extrato-dispensa-no09-2025-Associacao-de-Assistencia-e-Promocao-Social-Lourdes-Moraes-Paiva-.pdf\" target=\"_blank\" rel=\"noopener\">Extrato dispensa n\u00ba09 &#8211; Assoc. de Assist. e Promo\u00e7\u00e3o Social Lourdes Moraes Paiva<\/a><\/p>\n<p><a href=\"https:\/\/www.paranaiba.ms.gov.br\/portal\/wp-content\/uploads\/2025\/03\/Extrato-dispensa-no10-2025-Obra-Social-Jesus-Consolador-.pdf\" target=\"_blank\" rel=\"noopener\">Extrato dispensa n\u00ba10 &#8211; Obra Social Jesus Consolador<\/a><\/p>\n<p><a href=\"https:\/\/www.paranaiba.ms.gov.br\/portal\/wp-content\/uploads\/2025\/03\/Extrato-dispensa-no11-2025-APAE-.pdf\" target=\"_blank\" rel=\"noopener\">Extrato dispensa n\u00ba11 &#8211; APAE<\/a><\/p>\n<p><a href=\"https:\/\/www.paranaiba.ms.gov.br\/portal\/wp-content\/uploads\/2025\/03\/Extrato-dispensa-no12-2025-APAE-.pdf\" target=\"_blank\" rel=\"noopener\">Extrato dispensa n\u00ba12 &#8211; APAE<\/a><\/p>\n<p>&#8212;&#8212;&#8212;&#8212;&#8212;&#8212;&#8212;&#8212;&#8212;&#8212;&#8212;&#8212;&#8212;&#8212;&#8212;&#8212;&#8212;&#8212;&#8212;&#8212;&#8212;&#8212;&#8212;&#8212;&#8212;&#8212;&#8212;&#8212;&#8212;&#8212;&#8212;&#8212;&#8212;&#8212;&#8212;&#8212;&#8212;&#8212;&#8212;&#8212;&#8212;&#8212;&#8212;&#8212;&#8212;&#8212;&#8212;<\/p>\n<p><a href=\"https:\/\/www.paranaiba.ms.gov.br\/portal\/wp-content\/uploads\/2025\/03\/Extrato-dispensa-no01-2025-Instituto-de-Desenvolvimento-Humano-Social-Economico-e-Cultural-Irma-Emiliana.pdf\" target=\"_blank\" rel=\"noopener\">Extrato dispensa n\u00ba01 &#8211; Inst. de Des. Humano, Social, Econ. e Cultural Irm\u00e3 Emiliana<\/a><\/p>\n<p><a href=\"https:\/\/www.paranaiba.ms.gov.br\/portal\/wp-content\/uploads\/2025\/03\/Extrato-dispensa-no02-2025-Instituto-de-Desenvolvimento-Humano-Social-Economico-e-Cultural-Irma-Emiliana.pdf\" target=\"_blank\" rel=\"noopener\">Extrato dispensa n\u00ba02 &#8211; Inst. de Des. Humano, Social, Econ. e Cultural Irm\u00e3 Emiliana<\/a><\/p>\n<p><a href=\"https:\/\/www.paranaiba.ms.gov.br\/portal\/wp-content\/uploads\/2025\/03\/Extrato-dispensa-no03-2025-Joanna-de-Angelis.pdf\" target=\"_blank\" rel=\"noopener\">Extrato dispensa n\u00ba03 &#8211; Joanna de Angelis<\/a><\/p>\n<p><a href=\"https:\/\/www.paranaiba.ms.gov.br\/portal\/wp-content\/uploads\/2025\/03\/Extrato-dispensa-no04-2025-Associacao-de-Assistencia-e-Promocao-Social-Lourdes-Moraes-Paiva.pdf\" target=\"_blank\" rel=\"noopener\">Extrato dispensa n\u00ba04 &#8211; Assoc. de Assist. e Promo\u00e7\u00e3o Social Lourdes Moraes Paiva<\/a><\/p>\n<p><a href=\"https:\/\/www.paranaiba.ms.gov.br\/portal\/wp-content\/uploads\/2025\/03\/Extrato-dispensa-no05-2025-APAE.pdf\" target=\"_blank\" rel=\"noopener\">Extrato dispensa n\u00ba05 &#8211; APAE<\/a><\/p>\n<p><a href=\"https:\/\/www.paranaiba.ms.gov.br\/portal\/wp-content\/uploads\/2025\/03\/Extrato-dispensa-no06-2025-Obra-Social-Jesus-Consolador.pdf\" target=\"_blank\" rel=\"noopener\">Extrato dispensa n\u00ba06 &#8211; Obra Social Jesus Consolador<\/a><\/p>\n<p>&nbsp;<\/p>\n<hr \/>\n<p><strong>\u00a0\u2022 2024<\/strong><\/p>\n<hr \/>\n<p><b>OUTUBRO<\/b><\/p>\n<p>&nbsp;<\/p>\n<p><a href=\"https:\/\/www.paranaiba.ms.gov.br\/portal\/wp-content\/uploads\/2024\/10\/APAE-FMAS-no-34-2024.pdf\" target=\"_blank\" rel=\"noopener\">APAE &#8211; FMAS n\u00ba 34-2024<\/a><\/p>\n<p><a href=\"https:\/\/www.paranaiba.ms.gov.br\/portal\/wp-content\/uploads\/2024\/10\/APAE-FMAS-no-35-2024.pdf\" target=\"_blank\" rel=\"noopener\">APAE &#8211; FMAS n\u00ba 35-2024<\/a><\/p>\n<p><a href=\"https:\/\/www.paranaiba.ms.gov.br\/portal\/wp-content\/uploads\/2024\/10\/Associacao-Joanna-de-Angelis-FMAS-no-36-2024.pdf\" target=\"_blank\" rel=\"noopener\">Associa\u00e7\u00e3o Joanna de Angelis &#8211; FMAS n\u00ba 36-2024<\/a><\/p>\n<p><a href=\"https:\/\/www.paranaiba.ms.gov.br\/portal\/wp-content\/uploads\/2024\/10\/Instituto-de-Desenvolvimento-Humano-Sociel-e-Economico-Irma-Emiliana-FMAS-no-37-2024.pdf\" target=\"_blank\" rel=\"noopener\">Instituto de Desenvolvimento Humano, Sociel e Econ\u00f4mico Irm\u00e3 Emiliana &#8211; FMAS n\u00ba 37-2024<\/a><\/p>\n<p><a href=\"https:\/\/www.paranaiba.ms.gov.br\/portal\/wp-content\/uploads\/2024\/10\/Obra-Social-Santana-FMAS-no-38-2024.pdf\" target=\"_blank\" rel=\"noopener\">Obra Social Santana &#8211; FMAS n\u00ba 38-2024<\/a><\/p>\n<p><a href=\"https:\/\/www.paranaiba.ms.gov.br\/portal\/wp-content\/uploads\/2024\/10\/Obra-Social-Jesus-Consolador-FMAS-no-39-2024.pdf\" target=\"_blank\" rel=\"noopener\">Obra Social Jesus Consolador &#8211; FMAS n\u00ba 39-2024<\/a><\/p>\n<p>&nbsp;<\/p>\n<p><b>MAIO<\/b><\/p>\n<p><a href=\"https:\/\/www.paranaiba.ms.gov.br\/portal\/wp-content\/uploads\/2024\/05\/Instituto-de-Desenvolvimento-Humano-Social-Economico-e-Cultural-Irma-Emiliana-FMIS.pdf\" target=\"_blank\" rel=\"noopener\">Instituto de Desenvolvimento Humano, Social, Econ\u00f4mico e Cultural Irm\u00e3 Emiliana &#8211; FMIS<\/a><\/p>\n<p><a href=\"https:\/\/www.paranaiba.ms.gov.br\/portal\/wp-content\/uploads\/2024\/05\/Joanna-de-Angelis-FMIS.pdf\" target=\"_blank\" rel=\"noopener\">Joanna de Angelis &#8211; FMIS<\/a><\/p>\n<p><a href=\"https:\/\/www.paranaiba.ms.gov.br\/portal\/wp-content\/uploads\/2024\/05\/Obras-Sociais-Jesus-Consolador-FMIS.pdf\" target=\"_blank\" rel=\"noopener\">Obras Sociais Jesus Consolador &#8211; FMIS<\/a><\/p>\n<p><a href=\"https:\/\/www.paranaiba.ms.gov.br\/portal\/wp-content\/uploads\/2024\/05\/APAE-FMIS.pdf\" target=\"_blank\" rel=\"noopener\">APAE &#8211; FMIS<\/a><\/p>\n<p><a href=\"https:\/\/www.paranaiba.ms.gov.br\/portal\/wp-content\/uploads\/2024\/05\/Associacao-de-Assistencia-e-Promocao-Social-Lourdes-Moraes-Paiva-Casa-da-Crianca-FMIS.pdf\" target=\"_blank\" rel=\"noopener\">Associa\u00e7\u00e3o de Assist\u00eancia e Promo\u00e7\u00e3o Social Lourdes Moraes Paiva &#8211; Casa da Crian\u00e7a &#8211; FMIS<\/a><\/p>\n<p><a href=\"https:\/\/www.paranaiba.ms.gov.br\/portal\/wp-content\/uploads\/2024\/05\/APAE-Projeto-Banco-Brasil.pdf\" target=\"_blank\" rel=\"noopener\">APAE &#8211; Projeto Banco Brasil<\/a><\/p>\n<p><a href=\"https:\/\/www.paranaiba.ms.gov.br\/portal\/wp-content\/uploads\/2024\/05\/Obra-Social-Santana.pdf\" target=\"_blank\" rel=\"noopener\">Obra Social Santana<\/a><\/p>\n<p><a href=\"https:\/\/www.paranaiba.ms.gov.br\/portal\/wp-content\/uploads\/2024\/05\/Obras-Sociais-Jesus-Consolador.pdf\" target=\"_blank\" rel=\"noopener\">Obras Sociais Jesus Consolador<\/a><\/p>\n<p><a href=\"https:\/\/www.paranaiba.ms.gov.br\/portal\/wp-content\/uploads\/2024\/05\/APAE-FNAS.pdf\" target=\"_blank\" rel=\"noopener\">APAE &#8211; FNAS<\/a><\/p>\n<p>&nbsp;<\/p>\n<p>&nbsp;<\/p>\n<p><b>ABRIL<\/b><\/p>\n<p><a href=\"https:\/\/www.paranaiba.ms.gov.br\/portal\/wp-content\/uploads\/2024\/04\/Extrato-Obras-Social-Santana-FEAS.pdf\" target=\"_blank\" rel=\"noopener\">Obra Social Santana<\/a><\/p>\n<p><a href=\"https:\/\/www.paranaiba.ms.gov.br\/portal\/wp-content\/uploads\/2024\/04\/Extrato-APAE-FEAS.pdf\" target=\"_blank\" rel=\"noopener\">APAE<\/a><\/p>\n<p><a href=\"https:\/\/www.paranaiba.ms.gov.br\/portal\/wp-content\/uploads\/2024\/04\/Extrato-Instituto-de-Desenvolvimento-Humano-Social-Economico-e-Cultural-Irma-Emiliana-FNAS.pdf\" target=\"_blank\" rel=\"noopener\">Instituto de Des. Humano, Social, Econ. e Cultural Irm\u00e3 Emiliana<\/a><\/p>\n<p><a href=\"https:\/\/www.paranaiba.ms.gov.br\/portal\/wp-content\/uploads\/2024\/04\/Extrato-Obras-Sociais-Jesus-Consolador-Emenda-Parlamentar-Federal.pdf\" target=\"_blank\" rel=\"noopener\">Obras Sociais Jesus Consolador<\/a><\/p>\n<p><a href=\"https:\/\/www.paranaiba.ms.gov.br\/portal\/wp-content\/uploads\/2024\/04\/Extrato-APAE-FUNDEB.pdf\" target=\"_blank\" rel=\"noopener\">APAE &#8211; FUNDEB<\/a><\/p>\n<p><a href=\"https:\/\/www.paranaiba.ms.gov.br\/portal\/wp-content\/uploads\/2024\/04\/Extrato-Associacao-de-Assistencia-e-Promocao-Social-Lourdes-Moraes-Paiva-casa-da-crianca-FUNDEB.pdf\" target=\"_blank\" rel=\"noopener\">Associa\u00e7\u00e3o de Assist\u00eancia e Promo\u00e7\u00e3o Social Lourdes Moraes Paiva &#8211; Casa da Crian\u00e7a &#8211; FUNDEB<\/a><\/p>\n<p><a href=\"https:\/\/www.paranaiba.ms.gov.br\/portal\/wp-content\/uploads\/2024\/04\/Extrato-Instituto-de-Desenvolvimento-Humano-Social-Economico-e-Cultural-Irma-Emiliana-Emenda-Impositiva.pdf\" target=\"_blank\" rel=\"noopener\">Inst. de Des. Humano, Social, Econ\u00f4mico e Cultural Irm\u00e3 Emiliana<\/a><\/p>\n<p><a href=\"https:\/\/www.paranaiba.ms.gov.br\/portal\/wp-content\/uploads\/2024\/04\/Extrato-Instituto-de-Desenvolvimento-Humano-Social-Economico-e-Cultural-Irma-Emiliana-Tereza-Spinelli-FUNDEB.pdf\" target=\"_blank\" rel=\"noopener\">Inst. de Des. Humano, Social, Econ\u00f4mico e Cultural Irm\u00e3 Emiliana &#8211; Tereza Spinelli &#8211; FUNDEB<\/a><\/p>\n<p><a href=\"https:\/\/www.paranaiba.ms.gov.br\/portal\/wp-content\/uploads\/2024\/04\/Extrato-Obras-Sociais-Jesus-Consolador-SCFV.pdf\" target=\"_blank\" rel=\"noopener\">Obras Sociais Jesus Consolador &#8211; SCFV<\/a><\/p>\n<p><a href=\"https:\/\/www.paranaiba.ms.gov.br\/portal\/wp-content\/uploads\/2024\/05\/Extrato-dispensa-Joanna-de-Angelis-scfv.pdf\" target=\"_blank\" rel=\"noopener\">Associa\u00e7\u00e3o Joanna de Angelis &#8211; 01<\/a><\/p>\n<p><a href=\"https:\/\/www.paranaiba.ms.gov.br\/portal\/wp-content\/uploads\/2024\/05\/Extrato-dispensa-Joanna-de-Angelis-Emenda-Impositiva-06-2024.pdf\" target=\"_blank\" rel=\"noopener\">Associa\u00e7\u00e3o Joanna de Angelis &#8211; 06\/2024<\/a><\/p>\n<p><a href=\"https:\/\/www.paranaiba.ms.gov.br\/portal\/wp-content\/uploads\/2024\/05\/Extrato-dispensa-Joanna-de-Angelis-Emenda-Impositiva-09-2024.pdf\" target=\"_blank\" rel=\"noopener\">Associa\u00e7\u00e3o Joanna de Angelis &#8211; 09\/2024<\/a><\/p>\n<p><a href=\"https:\/\/www.paranaiba.ms.gov.br\/portal\/wp-content\/uploads\/2024\/05\/Extrato-dispensa-Joanna-de-Angelis-Emenda-Impositiva-11-2024.pdf\" target=\"_blank\" rel=\"noopener\">Associa\u00e7\u00e3o Joanna de Angelis &#8211; 11\/2024<\/a><\/p>\n<p><a href=\"https:\/\/www.paranaiba.ms.gov.br\/portal\/wp-content\/uploads\/2024\/05\/Extrato-dispensa-Joanna-de-Angelis-Emenda-Impositiva-16-2024.pdf\" target=\"_blank\" rel=\"noopener\">Associa\u00e7\u00e3o Joanna de Angelis- 16\/2024<\/a><\/p>\n<p><a href=\"https:\/\/www.paranaiba.ms.gov.br\/portal\/wp-content\/uploads\/2024\/05\/Extrato-Instituto-de-Desenvolvimento-Humano-Social-Economico-e-Cultural-Irma-Emiliana-Emenda-Impositiva-no19-2024.pdf\" target=\"_blank\" rel=\"noopener\">Extrato Instituto de Desenvolvimento Humano, Social, Econ\u00f4mico e Cultural Irm\u00e3 Emiliana n\u00ba19-2024<\/a><\/p>\n<p><a href=\"https:\/\/www.paranaiba.ms.gov.br\/portal\/wp-content\/uploads\/2024\/05\/Extrato-Obras-Sociais-Jesus-Consolador-Emenda-Impositiva-no53-2024.pdf\" target=\"_blank\" rel=\"noopener\">Extrato Obras Sociais Jesus Consolador n\u00ba53-2024<\/a><\/p>\n<p><a href=\"https:\/\/www.paranaiba.ms.gov.br\/portal\/wp-content\/uploads\/2024\/05\/Extrato-Obras-Social-Santana-Leao-amigo-2023.pdf\" target=\"_blank\" rel=\"noopener\">Extrato Obras Social Santana- Leao amigo 2023<\/a><\/p>\n<p><a href=\"https:\/\/www.paranaiba.ms.gov.br\/portal\/wp-content\/uploads\/2024\/05\/Extrato-Obras-Social-Santana-FNAS.pdf\" target=\"_blank\" rel=\"noopener\">Extrato Obras Social Santana-FNAS<\/a><\/p>\n<p><a href=\"https:\/\/www.paranaiba.ms.gov.br\/portal\/wp-content\/uploads\/2024\/05\/Extrato-Instituto-de-Desenvolvimento-Humano-Social-Economico-e-Cultural-Irma-Emiliana-Emenda-Impositiva-no22-2024.pdf\" target=\"_blank\" rel=\"noopener\">Extrato Instituto de Desenvolvimento Humano, Social, Econ\u00f4mico e Cultural Irm\u00e3 Emiliana n\u00ba22-2024<\/a><\/p>\n<p><a href=\"https:\/\/www.paranaiba.ms.gov.br\/portal\/wp-content\/uploads\/2024\/05\/Extrato-Obras-Sociais-Jesus-Consolador-Emenda-Impositiva-no003-2024.pdf\" target=\"_blank\" rel=\"noopener\">Extrato Obras Sociais Jesus Consolador n\u00ba003-2024<\/a><\/p>\n<p><a href=\"https:\/\/www.paranaiba.ms.gov.br\/portal\/wp-content\/uploads\/2024\/05\/Extrato-Obras-Sociais-Jesus-Consolador-Emenda-Impositiva-no10-2024.pdf\" target=\"_blank\" rel=\"noopener\">Extrato Obras Sociais Jesus Consolador n\u00ba10-2024<\/a><\/p>\n<p><a href=\"https:\/\/www.paranaiba.ms.gov.br\/portal\/wp-content\/uploads\/2024\/05\/Extrato-Obras-Sociais-Jesus-Consolador-Emenda-Impositiva-no18-2024.pdf\" target=\"_blank\" rel=\"noopener\">Extrato Obras Sociais Jesus Consolador n\u00ba18-2024<\/a><\/p>\n<p><a href=\"https:\/\/www.paranaiba.ms.gov.br\/portal\/wp-content\/uploads\/2024\/05\/Extrato-Obras-Sociais-Jesus-Consolador-Emenda-Impositiva-no21-2024.pdf\" target=\"_blank\" rel=\"noopener\">Extrato Obras Sociais Jesus Consolador n\u00ba21-2024<\/a><\/p>\n<p>&nbsp;<\/p>\n<hr \/>\n<p><strong>\u00a0\u2022 2023<\/strong><\/p>\n<hr \/>\n<p><strong>AGOSTO<\/strong><\/p>\n<p><a href=\"https:\/\/www.paranaiba.ms.gov.br\/portal\/wp-content\/uploads\/2023\/10\/Extrato-de-dispensa-APAE-24-2023.pdf\" target=\"_blank\" rel=\"noopener\">APAE<\/a><\/p>\n<p><a href=\"https:\/\/www.paranaiba.ms.gov.br\/portal\/wp-content\/uploads\/2023\/10\/Extrato-de-dispensa-Associacao-Joanna-de-Angelis-27-2023.pdf\" target=\"_blank\" rel=\"noopener\">Associa\u00e7\u00e3o Joanna de Angelis<\/a><\/p>\n<p><a href=\"https:\/\/www.paranaiba.ms.gov.br\/portal\/wp-content\/uploads\/2023\/10\/Extrato-de-dispensa-Obras-Social-Santana-25-2023.pdf\" target=\"_blank\" rel=\"noopener\">Obras Social Santana<\/a><\/p>\n<p><a href=\"https:\/\/www.paranaiba.ms.gov.br\/portal\/wp-content\/uploads\/2023\/10\/Extrato-Irma-Emiliana-23-2023.pdf\" target=\"_blank\" rel=\"noopener\">Irm\u00e3s Emilianas<\/a><\/p>\n<p><a href=\"https:\/\/www.paranaiba.ms.gov.br\/portal\/wp-content\/uploads\/2023\/10\/Extrato-Obras-Sociais-Jesus-Consolador-26-2023.pdf\" target=\"_blank\" rel=\"noopener\">Obras Sociais Jesus Consolador<\/a><\/p>\n<p>&nbsp;<\/p>\n<p>&nbsp;<\/p>\n<p><strong>JUNHO<\/strong><\/p>\n<p><a href=\"https:\/\/www.paranaiba.ms.gov.br\/portal\/wp-content\/uploads\/2023\/06\/APAE-Associacao-de-Pais-e-Amigos-dos-Excepcionais.pdf\" target=\"_blank\" rel=\"noopener\">APAE &#8211; Associa\u00e7\u00e3o de Pais e Amigos dos Excepcionais<\/a><\/p>\n<p><a href=\"https:\/\/www.paranaiba.ms.gov.br\/portal\/wp-content\/uploads\/2023\/06\/Associacao-de-Assistencia-e-Promocao-Social-Lourdes-Moraes-Paiva.pdf\" target=\"_blank\" rel=\"noopener\">Associa\u00e7\u00e3o de Assist\u00eancia e Promo\u00e7\u00e3o Social Lourdes Moraes Paiva<\/a><\/p>\n<p><a href=\"https:\/\/www.paranaiba.ms.gov.br\/portal\/wp-content\/uploads\/2023\/06\/Associacao-Joanna-de-Angelis.pdf\" target=\"_blank\" rel=\"noopener\">Associa\u00e7\u00e3o Joanna de Angelis<\/a><\/p>\n<p><a href=\"https:\/\/www.paranaiba.ms.gov.br\/portal\/wp-content\/uploads\/2023\/06\/Obras-Sociais-Jesus-Consolador-16-2023.pdf\" target=\"_blank\" rel=\"noopener\">Obras Sociais Jesus Consolador (16-2023)<\/a><\/p>\n<p><a href=\"https:\/\/www.paranaiba.ms.gov.br\/portal\/wp-content\/uploads\/2023\/06\/Obras-Sociais-Jesus-Consolador-17-2023.pdf\" target=\"_blank\" rel=\"noopener\">Obras Sociais Jesus Consolador (17-2023)<\/a><\/p>\n<p><a href=\"https:\/\/www.paranaiba.ms.gov.br\/portal\/wp-content\/uploads\/2023\/06\/Obras-Sociais-Jesus-Consolador-15-2023.pdf\" target=\"_blank\" rel=\"noopener\">Obras Sociais Jesus Consolador (15-2023)<\/a><\/p>\n<p><a href=\"https:\/\/www.paranaiba.ms.gov.br\/portal\/wp-content\/uploads\/2023\/06\/Obras-Social-Santana-20-2023.pdf\" target=\"_blank\" rel=\"noopener\">Obras Social Santana (20-2023)<\/a><\/p>\n<p><a href=\"https:\/\/www.paranaiba.ms.gov.br\/portal\/wp-content\/uploads\/2023\/06\/Obras-Social-Santana-21-2023.pdf\" target=\"_blank\" rel=\"noopener\">Obras Social Santana (21-2023)<\/a><\/p>\n<p><a href=\"https:\/\/www.paranaiba.ms.gov.br\/portal\/wp-content\/uploads\/2023\/06\/Obras-Social-Santana-22-2023.pdf\" target=\"_blank\" rel=\"noopener\">Obras Social Santana (22-2023)<\/a><\/p>\n<p>&nbsp;<\/p>\n<hr \/>\n<p>&nbsp;<\/p>\n<p><strong>MAR\u00c7O<\/strong><\/p>\n<p><a href=\"https:\/\/www.paranaiba.ms.gov.br\/portal\/wp-content\/uploads\/2023\/03\/Extrato-APAE-FMIS-05-2023.pdf\" target=\"_blank\" rel=\"noopener\">APAE &#8211; FMIS<\/a><\/p>\n<p><a href=\"https:\/\/www.paranaiba.ms.gov.br\/portal\/wp-content\/uploads\/2023\/03\/Extrato-APAE-FUNDEB-09-2023.pdf\" target=\"_blank\" rel=\"noopener\">APAE &#8211; FUNDEB<\/a><\/p>\n<p><a href=\"https:\/\/www.paranaiba.ms.gov.br\/portal\/wp-content\/uploads\/2023\/03\/Extrato-Associacao-Joanna-de-Angelis-FMIS-06-2023.pdf\" target=\"_blank\" rel=\"noopener\">Associa\u00e7\u00e3o Joanna de Angelis &#8211; FMIS<\/a><\/p>\n<p><a href=\"https:\/\/www.paranaiba.ms.gov.br\/portal\/wp-content\/uploads\/2023\/03\/Extrato-Irma-Emiliana-FMIS-07-2023.pdf\" target=\"_blank\" rel=\"noopener\">Irm\u00e3 Emiliana &#8211; FMIS<\/a><\/p>\n<p><a href=\"https:\/\/www.paranaiba.ms.gov.br\/portal\/wp-content\/uploads\/2023\/03\/Extrato-Lar-Tereza-Spinelli-FUNDEB-10-2023.pdf\" target=\"_blank\" rel=\"noopener\">Lar Tereza Spinelli &#8211; FUNDEB<\/a><\/p>\n<p><a href=\"https:\/\/www.paranaiba.ms.gov.br\/portal\/wp-content\/uploads\/2023\/03\/Extrato-Obras-Sociais-Jesus-Consolador-FMIS-08-2023.pdf\" target=\"_blank\" rel=\"noopener\">Obras Sociais Jesus Consolador &#8211; FMIS<\/a><\/p>\n<p><a href=\"https:\/\/www.paranaiba.ms.gov.br\/portal\/wp-content\/uploads\/2023\/03\/Extrato-Ass.-de-Assistencia-e-Promocao-Social-Lourdes-Moraes-Paiva-FUNDEB-11-2023.pdf\" target=\"_blank\" rel=\"noopener\">Ass. de Assist\u00eancia e Promo\u00e7\u00e3o Social Lourdes Moraes Paiva &#8211; FUNDEB (11-2023)<\/a><\/p>\n<p><a href=\"https:\/\/www.paranaiba.ms.gov.br\/portal\/wp-content\/uploads\/2023\/03\/Extrato-APAE-FEAS-12-2023.pdf\" target=\"_blank\" rel=\"noopener\">APAE &#8211; FEAS (12-2023)<\/a><\/p>\n<p><a href=\"https:\/\/www.paranaiba.ms.gov.br\/portal\/wp-content\/uploads\/2023\/03\/Extrato-de-dispensa-Obras-Social-Santana-FEAS-13-2023.pdf\" target=\"_blank\" rel=\"noopener\">Obras Social Santana &#8211; FEAS (13-2023)<\/a><\/p>\n<p>&nbsp;<\/p>\n<p><a href=\"https:\/\/www.paranaiba.ms.gov.br\/portal\/wp-content\/uploads\/2023\/02\/Extrato-de-dispensa-Irma-Emiliana-03-2023.pdf\" target=\"_blank\" rel=\"noopener\">INSTITUTO DE DES. HUMANO, SOCIAL, ECON. E CULTURAL IRM\u00c3 EMILIANA<\/a><\/p>\n<p><a href=\"https:\/\/www.paranaiba.ms.gov.br\/portal\/wp-content\/uploads\/2023\/02\/Extrato-de-dispensa-APAE-01-2023.pdf\" target=\"_blank\" rel=\"noopener\">APAE &#8211; <\/a><a href=\"https:\/\/www.paranaiba.ms.gov.br\/portal\/wp-content\/uploads\/2023\/02\/Extrato-de-dispensa-APAE-01-2023.pdf\" target=\"_blank\" rel=\"noopener\">ASSOCIA\u00c7\u00c3O DE PAIS E AMIGOS DOS EXCEPCIONAIS\u00a0<\/a><\/p>\n<p><a href=\"https:\/\/www.paranaiba.ms.gov.br\/portal\/wp-content\/uploads\/2023\/02\/Extrato-de-dispensa-Associacao-Joanna-de-Angelis-02-2023.pdf\" target=\"_blank\" rel=\"noopener\">ASSOCIA\u00c7\u00c3O JOANNA DE ANGELIS<\/a><\/p>\n<p><a href=\"https:\/\/www.paranaiba.ms.gov.br\/portal\/wp-content\/uploads\/2023\/02\/Extrato-de-dispensa-Obras-Social-Santana-04-2023.pdf\" target=\"_blank\" rel=\"noopener\">OBRA SOCIAL SANT\u2019ANA<\/a><\/p>\n<p>&nbsp;<\/p>\n<p>&nbsp;<\/p>\n<p><strong>\u00a0\u2022 2022<\/strong><\/p>\n<hr \/>\n<p><a href=\"https:\/\/www.paranaiba.ms.gov.br\/portal\/wp-content\/uploads\/2022\/12\/Extrato-APAE-CMDCA-04-2022.pdf\" target=\"_blank\" rel=\"noopener\"><span style=\"color: #000000;\">Extrato APAE CMDCA (04\/2022)<\/span><\/a><\/p>\n<p><span style=\"color: #000000;\"><a style=\"color: #000000;\" href=\"https:\/\/www.paranaiba.ms.gov.br\/portal\/wp-content\/uploads\/2022\/12\/Extrato-APAE-CMDCA-no24-2022.pdf\" target=\"_blank\" rel=\"noopener\">Extrato APAE CMDCA (24\/2022)<\/a><\/span><\/p>\n<p><span style=\"color: #000000;\"><a style=\"color: #000000;\" href=\"https:\/\/www.paranaiba.ms.gov.br\/portal\/wp-content\/uploads\/2022\/12\/Extrato-APAE-FNAS-03-2022.pdf\" target=\"_blank\" rel=\"noopener\">Extrato APAE FNAS (03\/2022)<\/a><\/span><\/p>\n<p><span style=\"color: #000000;\"><a style=\"color: #000000;\" href=\"https:\/\/www.paranaiba.ms.gov.br\/portal\/wp-content\/uploads\/2022\/12\/Extrato-APAE-EMENDA.pdf\" target=\"_blank\" rel=\"noopener\">Extrato APAE (Emenda)<\/a><\/span><\/p>\n<p><span style=\"color: #000000;\"><a style=\"color: #000000;\" href=\"https:\/\/www.paranaiba.ms.gov.br\/portal\/wp-content\/uploads\/2022\/12\/Extrato-APAE-FEAS-02-2022.pdf\" target=\"_blank\" rel=\"noopener\">Extrato APAE FEAS (02\/2022)<\/a><\/span><\/p>\n<p><span style=\"color: #000000;\"><a style=\"color: #000000;\" href=\"https:\/\/www.paranaiba.ms.gov.br\/portal\/wp-content\/uploads\/2022\/12\/Extrato-APAE-FMIS-01-2022.pdf\" target=\"_blank\" rel=\"noopener\">Extrato APAE FMIS (01\/2022)<\/a><\/span><\/p>\n<p><span style=\"color: #000000;\"><a style=\"color: #000000;\" href=\"https:\/\/www.paranaiba.ms.gov.br\/portal\/wp-content\/uploads\/2022\/12\/Extrato-APAE-FUNDEB-12-2022.pdf\" target=\"_blank\" rel=\"noopener\">Extrato APAE FUNDEB (12\/2022)<\/a><\/span><\/p>\n<p><span style=\"color: #000000;\"><a style=\"color: #000000;\" href=\"https:\/\/www.paranaiba.ms.gov.br\/portal\/wp-content\/uploads\/2022\/12\/Extrato-Associacao-Joanna-de-Angelis-CMDCA-20-2022.pdf\" target=\"_blank\" rel=\"noopener\">Extrato Associa\u00e7\u00e3o Joanna de Angelis CMDCA (20\/2022)<\/a><\/span><\/p>\n<p><span style=\"color: #000000;\"><a style=\"color: #000000;\" href=\"https:\/\/www.paranaiba.ms.gov.br\/portal\/wp-content\/uploads\/2022\/12\/Extrato-Associacao-Joanna-de-Angelis-CMDCA-no25-2022.pdf\" target=\"_blank\" rel=\"noopener\">Extrato Associa\u00e7\u00e3o Joanna de Angelis CMDCA (25\/2022)<\/a><\/span><\/p>\n<p><span style=\"color: #000000;\"><a style=\"color: #000000;\" href=\"https:\/\/www.paranaiba.ms.gov.br\/portal\/wp-content\/uploads\/2022\/12\/Extrato-Associacao-Joanna-de-Angelis-FMIS-18-2022.pdf\" target=\"_blank\" rel=\"noopener\">Extrato Associa\u00e7\u00e3o Joanna de Angelis FMIS (18\/2022)<\/a><\/span><\/p>\n<p><span style=\"color: #000000;\"><a style=\"color: #000000;\" href=\"https:\/\/www.paranaiba.ms.gov.br\/portal\/wp-content\/uploads\/2022\/12\/Extrato-Associacao-Joanna-de-Angelis-SCFV-19-2022.pdf\" target=\"_blank\" rel=\"noopener\">Extrato Associa\u00e7\u00e3o Joanna de Angelis SCFV (19\/2022)<\/a><\/span><\/p>\n<p><span style=\"color: #000000;\"><a style=\"color: #000000;\" href=\"https:\/\/www.paranaiba.ms.gov.br\/portal\/wp-content\/uploads\/2022\/12\/Extrato-Casa-da-Crianca-CMDCA-no27-2022.pdf\" target=\"_blank\" rel=\"noopener\">Extrato Casa da Crian\u00e7a CMDCA (27\/2022)<\/a><\/span><\/p>\n<p><span style=\"color: #000000;\"><a style=\"color: #000000;\" href=\"https:\/\/www.paranaiba.ms.gov.br\/portal\/wp-content\/uploads\/2022\/12\/Extrato-Casa-da-Crianca-FMIS-17-2022.pdf\" target=\"_blank\" rel=\"noopener\">Extrato Casa da Crian\u00e7a FMIS (17\/2022)<\/a><\/span><\/p>\n<p><span style=\"color: #000000;\"><a style=\"color: #000000;\" href=\"https:\/\/www.paranaiba.ms.gov.br\/portal\/wp-content\/uploads\/2022\/12\/Extrato-Casa-da-Crianca-FUNDEB-11-2022.pdf\" target=\"_blank\" rel=\"noopener\">Extrato Casa da Crian\u00e7a FUNDEB (11\/2022)<\/a><\/span><\/p>\n<p><span style=\"color: #000000;\"><a style=\"color: #000000;\" href=\"https:\/\/www.paranaiba.ms.gov.br\/portal\/wp-content\/uploads\/2022\/12\/Extrato-Irma-Emiliana-CMDCA-16-2022.pdf\" target=\"_blank\" rel=\"noopener\">Extrato Irm\u00e3 Emiliana-CMDCA (16\/2022)<\/a><\/span><\/p>\n<p><span style=\"color: #000000;\"><a style=\"color: #000000;\" href=\"https:\/\/www.paranaiba.ms.gov.br\/portal\/wp-content\/uploads\/2022\/12\/Extrato-Irma-Emiliana-CMDCA-no26-2022.pdf\" target=\"_blank\" rel=\"noopener\">Extrato Irm\u00e3 Emiliana-CMDCA (26\/2022)<\/a><\/span><\/p>\n<p><span style=\"color: #000000;\"><a style=\"color: #000000;\" href=\"https:\/\/www.paranaiba.ms.gov.br\/portal\/wp-content\/uploads\/2022\/12\/Extrato-Irma-Emiliana-FMIS-14-2022.pdf\" target=\"_blank\" rel=\"noopener\">Extrato Irm\u00e3 Emiliana-FMIS (14\/2022)<\/a><\/span><\/p>\n<p><span style=\"color: #000000;\"><a style=\"color: #000000;\" href=\"https:\/\/www.paranaiba.ms.gov.br\/portal\/wp-content\/uploads\/2022\/12\/Extrato-Irma-Emiliana-SCFV-15-2022.pdf\" target=\"_blank\" rel=\"noopener\">Extrato Irm\u00e3 Emiliana-SCFV (15\/2022)<\/a><\/span><\/p>\n<p><span style=\"color: #000000;\"><a style=\"color: #000000;\" href=\"https:\/\/www.paranaiba.ms.gov.br\/portal\/wp-content\/uploads\/2022\/12\/Extrato-Lar-Tereza-Spinelli-FUNDEB-13-2022.pdf\" target=\"_blank\" rel=\"noopener\">Extrato Lar Tereza Spinelli FUNDEB (13\/2022)<\/a><\/span><\/p>\n<p><span style=\"color: #000000;\"><a style=\"color: #000000;\" href=\"https:\/\/www.paranaiba.ms.gov.br\/portal\/wp-content\/uploads\/2022\/12\/Extrato-Obras-Sociais-Jesus-Consolador-CMDCA-06-2022.pdf\" target=\"_blank\" rel=\"noopener\">Extrato Obras Sociais Jesus Consolador CMDCA (06\/2022)<\/a><\/span><\/p>\n<p><span style=\"color: #000000;\"><a style=\"color: #000000;\" href=\"https:\/\/www.paranaiba.ms.gov.br\/portal\/wp-content\/uploads\/2022\/12\/Extrato-Obras-Sociais-Jesus-Consolador-CMDCA-08-2022.pdf\" target=\"_blank\" rel=\"noopener\">Extrato Obras Sociais Jesus Consolador CMDCA (08\/2022)<\/a><\/span><\/p>\n<p><span style=\"color: #000000;\"><a style=\"color: #000000;\" href=\"https:\/\/www.paranaiba.ms.gov.br\/portal\/wp-content\/uploads\/2022\/12\/Extrato-Obras-Social-Jesus-Consolador-CMDCA-no23-2022.pdf\" target=\"_blank\" rel=\"noopener\">Extrato Obras Social Jesus Consolador -CMDCA (23\/2022)<\/a><\/span><\/p>\n<p><span style=\"color: #000000;\"><a style=\"color: #000000;\" href=\"https:\/\/www.paranaiba.ms.gov.br\/portal\/wp-content\/uploads\/2022\/12\/Extrato-Obras-Sociais-Jesus-Consolador-FMIS-05-2022.pdf\" target=\"_blank\" rel=\"noopener\">Extrato Obras Sociais Jesus Consolador FMIS (05\/2022)<\/a><\/span><\/p>\n<p><span style=\"color: #000000;\"><a style=\"color: #000000;\" href=\"https:\/\/www.paranaiba.ms.gov.br\/portal\/wp-content\/uploads\/2022\/12\/Extrato-Obras-Sociais-Jesus-Consolador-SCFV-07-2022.pdf\" target=\"_blank\" rel=\"noopener\">Extrato Obras Sociais Jesus Consolador SCFV (07\/2022)<\/a><\/span><\/p>\n<p><span style=\"color: #000000;\"><a style=\"color: #000000;\" href=\"https:\/\/www.paranaiba.ms.gov.br\/portal\/wp-content\/uploads\/2022\/12\/Extrato-Obras-Social-Jesus-Consolador.pdf\" target=\"_blank\" rel=\"noopener\">Extrato Obras Social Jesus Consolador<\/a><\/span><\/p>\n<p><span style=\"color: #000000;\"><a style=\"color: #000000;\" href=\"https:\/\/www.paranaiba.ms.gov.br\/portal\/wp-content\/uploads\/2022\/12\/Extrato-Obras-Social-Santana-FEAS-09-2022.pdf\" target=\"_blank\" rel=\"noopener\">Extrato Obras Social Santana FEAS (09\/2022)<\/a><\/span><\/p>\n<p><span style=\"color: #000000;\"><a style=\"color: #000000;\" href=\"https:\/\/www.paranaiba.ms.gov.br\/portal\/wp-content\/uploads\/2022\/12\/Extrato-Obras-Social-Santana-FNAS-10-20221.pdf\" target=\"_blank\" rel=\"noopener\">Extrato Obras Social Santana FNAS (10\/2022)<\/a><\/span><\/p>\n<p>&nbsp;<\/p>\n<p>&nbsp;<\/p>\n","protected":false},"excerpt":{"rendered":"<p>&nbsp; &nbsp; &nbsp; \u00a0\u2022 2026 &nbsp; ABRIL Extrato do Termo de Contribui\u00e7\u00e3o 0009-2026 &#8211; ASSOCIA\u00c7\u00c3O DE PAIS E MESTRES DO CEINF FRANCISCA FERREIRA DA SILVA \u2013 DONA CHIQUINHA Extrato do Termo de Contribui\u00e7\u00e3o 00010-2026 &#8211; ASSOCIA\u00c7\u00c3O DOS UNIVERSIT\u00c1RIOS DE PARANA\u00cdBA-MS E FERNAND\u00d3POLIS-SP Extrato do Termo de Contribui\u00e7\u00e3o 00011-2026 &#8211; ASSOCIA\u00c7\u00c3O DE PAIS E MESTRES DA&#8230;<\/p>\n","protected":false},"author":6,"featured_media":0,"parent":0,"menu_order":0,"comment_status":"closed","ping_status":"closed","template":"","meta":{"inline_featured_image":false,"footnotes":""},"class_list":["post-2305","page","type-page","status-publish","hentry"],"acf":[],"yoast_head":"<!-- This site is optimized with the Yoast SEO plugin v24.0 - https:\/\/yoast.com\/wordpress\/plugins\/seo\/ -->\n<title>Extratos de Conv\u00eanios - Prefeitura Municipal de Parana\u00edba-MS<\/title>\n<meta name=\"robots\" content=\"index, follow, max-snippet:-1, max-image-preview:large, max-video-preview:-1\" \/>\n<link rel=\"canonical\" href=\"https:\/\/www.paranaiba.ms.gov.br\/portal\/extratos-de-convenios\/\" \/>\n<meta name=\"twitter:label1\" content=\"Est. tempo de leitura\" \/>\n\t<meta name=\"twitter:data1\" content=\"7 minutos\" \/>\n<script type=\"application\/ld+json\" class=\"yoast-schema-graph\">{\"@context\":\"https:\/\/schema.org\",\"@graph\":[{\"@type\":\"WebPage\",\"@id\":\"https:\/\/www.paranaiba.ms.gov.br\/portal\/extratos-de-convenios\/\",\"url\":\"https:\/\/www.paranaiba.ms.gov.br\/portal\/extratos-de-convenios\/\",\"name\":\"Extratos de Conv\u00eanios - Prefeitura Municipal de Parana\u00edba-MS\",\"isPartOf\":{\"@id\":\"https:\/\/www.paranaiba.ms.gov.br\/portal\/#website\"},\"datePublished\":\"2022-12-08T10:44:55+00:00\",\"dateModified\":\"2026-04-07T22:29:22+00:00\",\"breadcrumb\":{\"@id\":\"https:\/\/www.paranaiba.ms.gov.br\/portal\/extratos-de-convenios\/#breadcrumb\"},\"inLanguage\":\"pt-BR\",\"potentialAction\":[{\"@type\":\"ReadAction\",\"target\":[\"https:\/\/www.paranaiba.ms.gov.br\/portal\/extratos-de-convenios\/\"]}]},{\"@type\":\"BreadcrumbList\",\"@id\":\"https:\/\/www.paranaiba.ms.gov.br\/portal\/extratos-de-convenios\/#breadcrumb\",\"itemListElement\":[{\"@type\":\"ListItem\",\"position\":1,\"name\":\"In\u00edcio\",\"item\":\"https:\/\/www.paranaiba.ms.gov.br\/portal\/\"},{\"@type\":\"ListItem\",\"position\":2,\"name\":\"Extratos de Conv\u00eanios\"}]},{\"@type\":\"WebSite\",\"@id\":\"https:\/\/www.paranaiba.ms.gov.br\/portal\/#website\",\"url\":\"https:\/\/www.paranaiba.ms.gov.br\/portal\/\",\"name\":\"Prefeitura Municipal de Parana\u00edba-MS\",\"description\":\"Prefeitura Municipal de Parana\u00edba-MS\",\"publisher\":{\"@id\":\"https:\/\/www.paranaiba.ms.gov.br\/portal\/#organization\"},\"potentialAction\":[{\"@type\":\"SearchAction\",\"target\":{\"@type\":\"EntryPoint\",\"urlTemplate\":\"https:\/\/www.paranaiba.ms.gov.br\/portal\/?s={search_term_string}\"},\"query-input\":{\"@type\":\"PropertyValueSpecification\",\"valueRequired\":true,\"valueName\":\"search_term_string\"}}],\"inLanguage\":\"pt-BR\"},{\"@type\":\"Organization\",\"@id\":\"https:\/\/www.paranaiba.ms.gov.br\/portal\/#organization\",\"name\":\"Prefeitura Municipal de Parana\u00edba-MS\",\"url\":\"https:\/\/www.paranaiba.ms.gov.br\/portal\/\",\"logo\":{\"@type\":\"ImageObject\",\"inLanguage\":\"pt-BR\",\"@id\":\"https:\/\/www.paranaiba.ms.gov.br\/portal\/#\/schema\/logo\/image\/\",\"url\":\"https:\/\/www.paranaiba.ms.gov.br\/portal\/wp-content\/uploads\/2022\/11\/logo-rodape02.webp\",\"contentUrl\":\"https:\/\/www.paranaiba.ms.gov.br\/portal\/wp-content\/uploads\/2022\/11\/logo-rodape02.webp\",\"width\":556,\"height\":492,\"caption\":\"Prefeitura Municipal de Parana\u00edba-MS\"},\"image\":{\"@id\":\"https:\/\/www.paranaiba.ms.gov.br\/portal\/#\/schema\/logo\/image\/\"}}]}<\/script>\n<!-- \/ Yoast SEO plugin. -->","yoast_head_json":{"title":"Extratos de Conv\u00eanios - Prefeitura Municipal de Parana\u00edba-MS","robots":{"index":"index","follow":"follow","max-snippet":"max-snippet:-1","max-image-preview":"max-image-preview:large","max-video-preview":"max-video-preview:-1"},"canonical":"https:\/\/www.paranaiba.ms.gov.br\/portal\/extratos-de-convenios\/","twitter_misc":{"Est. tempo de leitura":"7 minutos"},"schema":{"@context":"https:\/\/schema.org","@graph":[{"@type":"WebPage","@id":"https:\/\/www.paranaiba.ms.gov.br\/portal\/extratos-de-convenios\/","url":"https:\/\/www.paranaiba.ms.gov.br\/portal\/extratos-de-convenios\/","name":"Extratos de Conv\u00eanios - Prefeitura Municipal de Parana\u00edba-MS","isPartOf":{"@id":"https:\/\/www.paranaiba.ms.gov.br\/portal\/#website"},"datePublished":"2022-12-08T10:44:55+00:00","dateModified":"2026-04-07T22:29:22+00:00","breadcrumb":{"@id":"https:\/\/www.paranaiba.ms.gov.br\/portal\/extratos-de-convenios\/#breadcrumb"},"inLanguage":"pt-BR","potentialAction":[{"@type":"ReadAction","target":["https:\/\/www.paranaiba.ms.gov.br\/portal\/extratos-de-convenios\/"]}]},{"@type":"BreadcrumbList","@id":"https:\/\/www.paranaiba.ms.gov.br\/portal\/extratos-de-convenios\/#breadcrumb","itemListElement":[{"@type":"ListItem","position":1,"name":"In\u00edcio","item":"https:\/\/www.paranaiba.ms.gov.br\/portal\/"},{"@type":"ListItem","position":2,"name":"Extratos de Conv\u00eanios"}]},{"@type":"WebSite","@id":"https:\/\/www.paranaiba.ms.gov.br\/portal\/#website","url":"https:\/\/www.paranaiba.ms.gov.br\/portal\/","name":"Prefeitura Municipal de Parana\u00edba-MS","description":"Prefeitura Municipal de Parana\u00edba-MS","publisher":{"@id":"https:\/\/www.paranaiba.ms.gov.br\/portal\/#organization"},"potentialAction":[{"@type":"SearchAction","target":{"@type":"EntryPoint","urlTemplate":"https:\/\/www.paranaiba.ms.gov.br\/portal\/?s={search_term_string}"},"query-input":{"@type":"PropertyValueSpecification","valueRequired":true,"valueName":"search_term_string"}}],"inLanguage":"pt-BR"},{"@type":"Organization","@id":"https:\/\/www.paranaiba.ms.gov.br\/portal\/#organization","name":"Prefeitura Municipal de Parana\u00edba-MS","url":"https:\/\/www.paranaiba.ms.gov.br\/portal\/","logo":{"@type":"ImageObject","inLanguage":"pt-BR","@id":"https:\/\/www.paranaiba.ms.gov.br\/portal\/#\/schema\/logo\/image\/","url":"https:\/\/www.paranaiba.ms.gov.br\/portal\/wp-content\/uploads\/2022\/11\/logo-rodape02.webp","contentUrl":"https:\/\/www.paranaiba.ms.gov.br\/portal\/wp-content\/uploads\/2022\/11\/logo-rodape02.webp","width":556,"height":492,"caption":"Prefeitura Municipal de Parana\u00edba-MS"},"image":{"@id":"https:\/\/www.paranaiba.ms.gov.br\/portal\/#\/schema\/logo\/image\/"}}]}},"_links":{"self":[{"href":"https:\/\/www.paranaiba.ms.gov.br\/portal\/wp-json\/wp\/v2\/pages\/2305","targetHints":{"allow":["GET"]}}],"collection":[{"href":"https:\/\/www.paranaiba.ms.gov.br\/portal\/wp-json\/wp\/v2\/pages"}],"about":[{"href":"https:\/\/www.paranaiba.ms.gov.br\/portal\/wp-json\/wp\/v2\/types\/page"}],"author":[{"embeddable":true,"href":"https:\/\/www.paranaiba.ms.gov.br\/portal\/wp-json\/wp\/v2\/users\/6"}],"replies":[{"embeddable":true,"href":"https:\/\/www.paranaiba.ms.gov.br\/portal\/wp-json\/wp\/v2\/comments?post=2305"}],"version-history":[{"count":53,"href":"https:\/\/www.paranaiba.ms.gov.br\/portal\/wp-json\/wp\/v2\/pages\/2305\/revisions"}],"predecessor-version":[{"id":17307,"href":"https:\/\/www.paranaiba.ms.gov.br\/portal\/wp-json\/wp\/v2\/pages\/2305\/revisions\/17307"}],"wp:attachment":[{"href":"https:\/\/www.paranaiba.ms.gov.br\/portal\/wp-json\/wp\/v2\/media?parent=2305"}],"curies":[{"name":"wp","href":"https:\/\/api.w.org\/{rel}","templated":true}]}}